{"id":3794,"date":"2022-09-21T10:13:43","date_gmt":"2022-09-21T10:13:43","guid":{"rendered":"https:\/\/idealearning.eu\/le-projet\/"},"modified":"2024-06-13T14:09:13","modified_gmt":"2024-06-13T14:09:13","slug":"le-projet","status":"publish","type":"page","link":"https:\/\/idealearning.eu\/fr\/le-projet\/","title":{"rendered":"Le projet"},"content":{"rendered":"<div class=\"fusion-fullwidth fullwidth-box fusion-builder-row-1 fusion-flex-container nonhundred-percent-fullwidth non-hundred-percent-height-scrolling\" style=\"--awb-border-radius-top-left:0px;--awb-border-radius-top-right:0px;--awb-border-radius-bottom-right:0px;--awb-border-radius-bottom-left:0px;--awb-background-color:var(--awb-color2);--awb-flex-wrap:wrap;\" ><div class=\"fusion-builder-row fusion-row fusion-flex-align-items-flex-start fusion-flex-content-wrap\" style=\"max-width:1216.8px;margin-left: calc(-4% \/ 2 );margin-right: calc(-4% \/ 2 );\"><div class=\"fusion-layout-column fusion_builder_column fusion-builder-column-0 fusion_builder_column_1_1 1_1 fusion-flex-column\" style=\"--awb-bg-size:cover;--awb-width-large:100%;--awb-margin-top-large:0px;--awb-spacing-right-large:1.92%;--awb-margin-bottom-large:0px;--awb-spacing-left-large:1.92%;--awb-width-medium:100%;--awb-spacing-right-medium:1.92%;--awb-spacing-left-medium:1.92%;--awb-width-small:100%;--awb-spacing-right-small:1.92%;--awb-spacing-left-small:1.92%;\"><div class=\"fusion-column-wrapper fusion-flex-justify-content-flex-start fusion-content-layout-column\"><div class=\"fusion-text fusion-text-1\"><\/p>\n<div class=\"wp-block-genesis-blocks-gb-container gb-block-container\">\n<div class=\"gb-container-inside\">\n<div class=\"gb-container-content\">\n<h2 class=\"wp-block-heading\">Le projet<\/h2>\n<\/p>\n<div class=\"wp-block-genesis-blocks-gb-container gb-block-container\" style=\"background-color: #5396f2;\">\n<div class=\"gb-container-inside\">\n<div class=\"gb-container-content\">\n<p style=\"padding-left: 40px;\"><strong style=\"color: var(--awb-text-color); font-family: var(--awb-text-font-family); font-size: var(--awb-font-size); font-style: var(--awb-text-font-style); letter-spacing: var(--awb-letter-spacing); text-align: var(--awb-content-alignment); text-transform: var(--awb-text-transform);\"><mark class=\"has-inline-color\" style=\"color: #fdfdfd;\">L&rsquo;objectif de ce projet est de permettre aux personnes autistes qui ont toutes des besoins de soutien diff\u00e9rents d&rsquo;acc\u00e9der aux technologies num\u00e9riques, en s&rsquo;attaquant \u00e0 une fracture num\u00e9rique d\u00e9j\u00e0 existante qui a \u00e9t\u00e9 aggrav\u00e9e par la pand\u00e9mie de COVID-19 et du confinement.<\/mark><\/strong><\/p>\n<\/p>\n<\/div>\n<\/div>\n<\/div>\n<\/div>\n<\/div>\n<\/div>\n<p><p>La pand\u00e9mie et le confinement qui a suivi ont mis en \u00e9vidence <strong style=\"color: var(--awb-color5);\">les difficult\u00e9s, pour les personnes autistes (en particulier celles qui ont un handicap intellectuel), d&rsquo;acc\u00e9der aux technologies num\u00e9riques.<\/strong> Si certains utilisateurs ont pu b\u00e9n\u00e9ficier d&rsquo;une formation, d&rsquo;un apprentissage, de soins, d&rsquo;un soutien et d&rsquo;une assistance en ligne, ceux qui n&rsquo;avaient pas acc\u00e8s aux technologies num\u00e9riques ont \u00e9t\u00e9 encore plus isol\u00e9s et d\u00e9connect\u00e9s de leurs centres d&rsquo;\u00e9ducation et de soins ainsi que de leurs prestataires de services. Par cons\u00e9quent, l&rsquo;\u00e9ducation et la formation des personnes autistes ont \u00e9t\u00e9 impact\u00e9es n\u00e9gativement, ce qui a entrain\u00e9 une diminution de leur d\u00e9veloppement personnel et de leur qualit\u00e9 de vie ainsi que de celle de leurs familles, pendant cette p\u00e9riode. <\/p>\n<p>Pour certains, l&rsquo;inaccessibilit\u00e9 de certaines technologies num\u00e9riques s&rsquo;explique par le fait que les outils eux-m\u00eames sont peu accessibles, par un manque de formation (des enseignants, des personnes handicap\u00e9es et de leurs familles), par des m\u00e9thodologies mal adapt\u00e9es ainsi que par un manque de ressources technologiques. Plus pr\u00e9cis\u00e9ment, les outils num\u00e9riques sont con\u00e7us pour la population g\u00e9n\u00e9rale, sans tenir compte des besoins d&rsquo;accessibilit\u00e9 des personnes autistes. L<b style=\"color: var(--awb-color5);\">es outils num\u00e9riques doivent \u00eatre adapt\u00e9s d&rsquo;un point de vue cognitif <\/b>en incorporant du mat\u00e9riel facile \u00e0 lire, des pictogrammes et des ressources graphiques. <\/p><\/p>\n<\/div><\/div><\/div><\/div><\/div>\n","protected":false},"excerpt":{"rendered":"","protected":false},"author":2,"featured_media":0,"parent":0,"menu_order":0,"comment_status":"closed","ping_status":"closed","template":"100-width.php","meta":{"footnotes":""},"class_list":["post-3794","page","type-page","status-publish","hentry"],"_links":{"self":[{"href":"https:\/\/idealearning.eu\/fr\/wp-json\/wp\/v2\/pages\/3794","targetHints":{"allow":["GET"]}}],"collection":[{"href":"https:\/\/idealearning.eu\/fr\/wp-json\/wp\/v2\/pages"}],"about":[{"href":"https:\/\/idealearning.eu\/fr\/wp-json\/wp\/v2\/types\/page"}],"author":[{"embeddable":true,"href":"https:\/\/idealearning.eu\/fr\/wp-json\/wp\/v2\/users\/2"}],"replies":[{"embeddable":true,"href":"https:\/\/idealearning.eu\/fr\/wp-json\/wp\/v2\/comments?post=3794"}],"version-history":[{"count":1,"href":"https:\/\/idealearning.eu\/fr\/wp-json\/wp\/v2\/pages\/3794\/revisions"}],"predecessor-version":[{"id":3795,"href":"https:\/\/idealearning.eu\/fr\/wp-json\/wp\/v2\/pages\/3794\/revisions\/3795"}],"wp:attachment":[{"href":"https:\/\/idealearning.eu\/fr\/wp-json\/wp\/v2\/media?parent=3794"}],"curies":[{"name":"wp","href":"https:\/\/api.w.org\/{rel}","templated":true}]}}