{"id":3529,"date":"2015-02-17T18:08:32","date_gmt":"2015-02-17T18:08:32","guid":{"rendered":"https:\/\/idealearning.eu\/pagina-principal\/"},"modified":"2024-05-31T11:14:27","modified_gmt":"2024-05-31T11:14:27","slug":"pagina-principal","status":"publish","type":"page","link":"https:\/\/idealearning.eu\/pt-pt\/","title":{"rendered":"P\u00e1gina Principal"},"content":{"rendered":"<p><div class=\"fusion-fullwidth fullwidth-box fusion-builder-row-1 fusion-flex-container fusion-parallax-none nonhundred-percent-fullwidth non-hundred-percent-height-scrolling\" style=\"--awb-background-position:center bottom;--awb-border-radius-top-left:0px;--awb-border-radius-top-right:0px;--awb-border-radius-bottom-right:0px;--awb-border-radius-bottom-left:0px;--awb-padding-top:48px;--awb-padding-bottom:48px;--awb-padding-top-medium:20px;--awb-padding-bottom-medium:20px;--awb-padding-top-small:36px;--awb-padding-bottom-small:36px;--awb-min-height:60vh;--awb-background-image:linear-gradient(180deg, var(--awb-custom1) 30%,hsla(var(--awb-custom1-h),var(--awb-custom1-s),var(--awb-custom1-l),calc( var(--awb-custom1-a) - 20% )) 90%),url(http:\/\/idealearning.eu\/wp-content\/uploads\/2015\/02\/home_slider_@2x2-scaled.jpg);;--awb-background-size:cover;--awb-flex-wrap:wrap;\" data-preload-img=\"http:\/\/idealearning.eu\/wp-content\/uploads\/2015\/02\/home_slider_@2x2-scaled.jpg\" ><div class=\"fusion-builder-row fusion-row fusion-flex-align-items-stretch fusion-flex-content-wrap\" style=\"max-width:1216.8px;margin-left: calc(-4% \/ 2 );margin-right: calc(-4% \/ 2 );\"><div class=\"fusion-layout-column fusion_builder_column fusion-builder-column-0 fusion_builder_column_1_2 1_2 fusion-flex-column\" style=\"--awb-bg-size:cover;--awb-width-large:50%;--awb-margin-top-large:0px;--awb-spacing-right-large:3.84%;--awb-margin-bottom-large:20px;--awb-spacing-left-large:3.84%;--awb-width-medium:40%;--awb-order-medium:0;--awb-spacing-right-medium:4.8%;--awb-spacing-left-medium:4.8%;--awb-width-small:100%;--awb-order-small:0;--awb-spacing-right-small:1.92%;--awb-margin-bottom-small:32px;--awb-spacing-left-small:1.92%;\"><div class=\"fusion-column-wrapper fusion-column-has-shadow fusion-flex-justify-content-center fusion-content-layout-column\"><div class=\"fusion-title title fusion-title-1 fusion-sep-none fusion-title-text fusion-title-size-one\" style=\"--awb-text-color:var(--awb-color1);--awb-margin-bottom:20px;--awb-font-size:40px;\"><h1 class=\"fusion-title-heading title-heading-left fusion-responsive-typography-calculated\" style=\"margin:0;font-size:1em;letter-spacing:-0.03em;--fontSize:40;line-height:1;\">IDEAL: EDUCA\u00c7\u00c3O DIGITAL INCLUSIVA PARA A APRENDIZAGEM DE PESSOAS COM AUTISMO<\/h1><\/div><div class=\"fusion-text fusion-text-1 fusion-text-no-margin\" style=\"--awb-font-size:24px;--awb-line-height:34px;--awb-text-color:var(--awb-color1);--awb-margin-bottom:36px;\"><p>Disponibilizar ferramentas digitais mais acess\u00edveis para as pessoas autistas e para as suas redes de apoio.<\/p>\n<\/div><div style=\"text-align:center;\"><a class=\"fusion-button button-flat fusion-button-default-size button-custom fusion-button-default button-1 fusion-button-default-span \" style=\"--button_bevel_color_hover:var(--awb-color4);--button_accent_color:var(--awb-color1);--button_accent_hover_color:var(--awb-color1);--button_border_hover_color:var(--awb-color1);--button_border_width-top:0px;--button_border_width-right:0px;--button_border_width-bottom:0px;--button_border_width-left:0px;--button-border-radius-top-left:0px;--button-border-radius-top-right:0px;--button-border-radius-bottom-right:0px;--button-border-radius-bottom-left:0px;--button_gradient_top_color:var(--awb-color5);--button_gradient_bottom_color:var(--awb-color5);--button_gradient_top_color_hover:var(--awb-color5);--button_gradient_bottom_color_hover:var(--awb-color5);--button_text_transform:var(--awb-typography3-text-transform);--button_font_size:15px;--button_line_height:var(--awb-typography3-line-height);--button_padding-top:16px;--button_padding-right:48px;--button_padding-bottom:16px;--button_padding-left:48px;--button_typography-letter-spacing:var(--awb-typography3-letter-spacing);--button_typography-font-family:var(--awb-typography3-font-family);--button_typography-font-weight:var(--awb-typography3-font-weight);--button_typography-font-style:var(--awb-typography3-font-style);--button_margin-top:10px;--button_margin-bottom:10px;\" target=\"_self\" href=\"https:\/\/gmail.us12.list-manage.com\/subscribe?u=303d8c71b90236fbd5e2a4143&amp;id=8752ce2fc8\"><span class=\"fusion-button-text\">Subscreva a nossa Newsletter<\/span><\/a><\/div><\/div><\/div><div class=\"fusion-layout-column fusion_builder_column fusion-builder-column-1 fusion_builder_column_1_2 1_2 fusion-flex-column\" style=\"--awb-bg-size:cover;--awb-width-large:50%;--awb-margin-top-large:0px;--awb-spacing-right-large:3.84%;--awb-margin-bottom-large:20px;--awb-spacing-left-large:0%;--awb-width-medium:60%;--awb-order-medium:0;--awb-spacing-right-medium:3.2%;--awb-spacing-left-medium:0%;--awb-width-small:100%;--awb-order-small:0;--awb-spacing-right-small:1.92%;--awb-margin-bottom-small:0px;--awb-spacing-left-small:1.92%;\"><div class=\"fusion-column-wrapper fusion-column-has-shadow fusion-flex-justify-content-center fusion-content-layout-column\"><div class=\"fusion-image-element \" style=\"--awb-caption-title-font-family:var(--h2_typography-font-family);--awb-caption-title-font-weight:var(--h2_typography-font-weight);--awb-caption-title-font-style:var(--h2_typography-font-style);--awb-caption-title-size:var(--h2_typography-font-size);--awb-caption-title-transform:var(--h2_typography-text-transform);--awb-caption-title-line-height:var(--h2_typography-line-height);--awb-caption-title-letter-spacing:var(--h2_typography-letter-spacing);\"><span class=\" fusion-imageframe imageframe-none imageframe-1 hover-type-none\"><img decoding=\"async\" width=\"300\" height=\"251\" title=\"ImagenPortada\" src=\"https:\/\/idealearning.eu\/wp-content\/uploads\/2024\/01\/ImagenPortada-300x251.png\" alt class=\"img-responsive wp-image-3227 disable-lazyload\" srcset=\"https:\/\/idealearning.eu\/wp-content\/uploads\/2024\/01\/ImagenPortada-200x167.png 200w, https:\/\/idealearning.eu\/wp-content\/uploads\/2024\/01\/ImagenPortada-400x335.png 400w, https:\/\/idealearning.eu\/wp-content\/uploads\/2024\/01\/ImagenPortada-600x502.png 600w, https:\/\/idealearning.eu\/wp-content\/uploads\/2024\/01\/ImagenPortada.png 705w\" sizes=\"(max-width: 1020px) 100vw, (max-width: 640px) 100vw, 600px\" \/><\/span><\/div><\/div><\/div><\/div><\/div><div class=\"fusion-fullwidth fullwidth-box fusion-builder-row-2 fusion-flex-container nonhundred-percent-fullwidth non-hundred-percent-height-scrolling\" style=\"--awb-border-sizes-top:0px;--awb-border-sizes-bottom:0px;--awb-border-sizes-left:0px;--awb-border-sizes-right:0px;--awb-border-radius-top-left:0px;--awb-border-radius-top-right:0px;--awb-border-radius-bottom-right:0px;--awb-border-radius-bottom-left:0px;--awb-padding-top:150px;--awb-padding-bottom:0px;--awb-padding-top-small:96px;--awb-margin-top:0px;--awb-background-color:var(--awb-color5);--awb-flex-wrap:wrap;\" ><div class=\"fusion-builder-row fusion-row fusion-flex-align-items-flex-start fusion-flex-content-wrap\" style=\"max-width:calc( 1170px + 0px );margin-left: calc(-0px \/ 2 );margin-right: calc(-0px \/ 2 );\"><div class=\"fusion-layout-column fusion_builder_column fusion-builder-column-2 fusion_builder_column_1_1 1_1 fusion-flex-column fusion-flex-align-self-flex-start fusion-column-no-min-height\" style=\"--awb-bg-blend:overlay;--awb-bg-size:cover;--awb-width-large:100%;--awb-margin-top-large:0px;--awb-spacing-right-large:0px;--awb-margin-bottom-large:40px;--awb-spacing-left-large:0px;--awb-width-medium:100%;--awb-spacing-right-medium:0px;--awb-spacing-left-medium:0px;--awb-width-small:100%;--awb-spacing-right-small:0px;--awb-spacing-left-small:0px;\"><div class=\"fusion-column-wrapper fusion-flex-justify-content-flex-start fusion-content-layout-column\"><div class=\"fusion-title title fusion-title-2 fusion-sep-none fusion-title-center fusion-title-text fusion-title-size-two\" style=\"--awb-text-color:var(--awb-color1);--awb-margin-bottom:20px;\"><h2 class=\"fusion-title-heading title-heading-center fusion-responsive-typography-calculated\" style=\"margin:0;--fontSize:48;line-height:var(--awb-typography1-line-height);\">O QUE FAZEMOS<\/h2><\/div><div class=\"fusion-text fusion-text-2\"><p style=\"text-align: center; color: var(--awb-color1); font-size: 22px; line-height: 30px;\">O IDEAL disponibilizar\u00e1 uma plataforma, dispon\u00edvel em 6 l\u00ednguas europeias, com ferramentas digitais acess\u00edveis (tais como aplica\u00e7\u00f5es e outros recursos digitais) para pessoas autistas, as suas redes de apoio e profissionais. Comunica\u00e7\u00e3o, educa\u00e7\u00e3o, sa\u00fade, compet\u00eancias sociais e da vida di\u00e1ria, entretenimento s\u00e3o algumas das principais \u00e1reas da plataforma.<\/p>\n<\/div><div class=\"fusion-title title fusion-title-3 fusion-sep-none fusion-title-center fusion-title-text fusion-title-size-two\" style=\"--awb-text-color:var(--awb-color1);--awb-margin-top:20px;\"><h2 class=\"fusion-title-heading title-heading-center fusion-responsive-typography-calculated\" style=\"margin:0;--fontSize:48;line-height:var(--awb-typography1-line-height);\">OS NOSSOS OBJETIVOS<\/h2><\/div><\/div><\/div><\/div><\/div><div class=\"fusion-fullwidth fullwidth-box fusion-builder-row-3 fusion-flex-container nonhundred-percent-fullwidth non-hundred-percent-height-scrolling\" style=\"--awb-border-sizes-top:0px;--awb-border-sizes-bottom:0px;--awb-border-sizes-left:0px;--awb-border-sizes-right:0px;--awb-border-radius-top-left:0px;--awb-border-radius-top-right:0px;--awb-border-radius-bottom-right:0px;--awb-border-radius-bottom-left:0px;--awb-padding-top:0px;--awb-padding-bottom:150px;--awb-background-color:var(--awb-color5);--awb-flex-wrap:wrap;\" ><div class=\"fusion-builder-row fusion-row fusion-flex-align-items-stretch fusion-flex-content-wrap\" style=\"max-width:1216.8px;margin-left: calc(-4% \/ 2 );margin-right: calc(-4% \/ 2 );\"><div class=\"fusion-layout-column fusion_builder_column fusion-builder-column-3 fusion_builder_column_1_4 1_4 fusion-flex-column\" style=\"--awb-padding-top:15%;--awb-padding-right:15%;--awb-padding-bottom:10%;--awb-padding-left:15%;--awb-bg-color:var(--awb-color7);--awb-bg-color-hover:var(--awb-color7);--awb-bg-size:cover;--awb-border-color:transparent;--awb-border-top:1px;--awb-border-right:1px;--awb-border-bottom:1px;--awb-border-left:1px;--awb-border-style:solid;--awb-width-large:25%;--awb-margin-top-large:0px;--awb-spacing-right-large:7.68%;--awb-margin-bottom-large:20px;--awb-spacing-left-large:7.68%;--awb-width-medium:50%;--awb-spacing-right-medium:3.84%;--awb-spacing-left-medium:3.84%;--awb-width-small:100%;--awb-spacing-right-small:1.92%;--awb-spacing-left-small:1.92%;\"><div class=\"fusion-column-wrapper fusion-flex-justify-content-flex-start fusion-content-layout-column\"><div class=\"fusion-image-element \" style=\"text-align:center;--awb-caption-title-font-family:var(--h2_typography-font-family);--awb-caption-title-font-weight:var(--h2_typography-font-weight);--awb-caption-title-font-style:var(--h2_typography-font-style);--awb-caption-title-size:var(--h2_typography-font-size);--awb-caption-title-transform:var(--h2_typography-text-transform);--awb-caption-title-line-height:var(--h2_typography-line-height);--awb-caption-title-letter-spacing:var(--h2_typography-letter-spacing);\"><span class=\" fusion-imageframe imageframe-none imageframe-2 hover-type-none\"><img decoding=\"async\" width=\"120\" height=\"120\" title=\"Accesibility\" src=\"data:image\/svg+xml,%3Csvg%20xmlns%3D%27http%3A%2F%2Fwww.w3.org%2F2000%2Fsvg%27%20width%3D%27120%27%20height%3D%27120%27%20viewBox%3D%270%200%20120%20120%27%3E%3Crect%20width%3D%27120%27%20height%3D%27120%27%20fill-opacity%3D%220%22%2F%3E%3C%2Fsvg%3E\" data-orig-src=\"https:\/\/idealearning.eu\/wp-content\/uploads\/2024\/01\/Accesibility.png\" alt class=\"lazyload img-responsive wp-image-3203\"\/><\/span><\/div><div class=\"fusion-separator fusion-full-width-sep\" style=\"align-self: center;margin-left: auto;margin-right: auto;margin-top:40px;width:100%;\"><\/div><div class=\"fusion-title title fusion-title-4 fusion-sep-none fusion-title-center fusion-title-text fusion-title-size-three\" style=\"--awb-text-color:var(--awb-color1);--awb-margin-bottom:10px;\"><h3 class=\"fusion-title-heading title-heading-center fusion-responsive-typography-calculated\" style=\"margin:0;--fontSize:22;line-height:var(--awb-typography1-line-height);\">Acessibilidade<\/h3><\/div><div class=\"fusion-text fusion-text-3\"><p style=\"text-align: center;\"><span style=\"color: var(--awb-color1);\">Assegurar que a plataforma \u00e9 acess\u00edvel a utilizadores autistas <\/span><\/p>\n<\/div><\/div><\/div><div class=\"fusion-layout-column fusion_builder_column fusion-builder-column-4 fusion_builder_column_1_4 1_4 fusion-flex-column\" style=\"--awb-padding-top:15%;--awb-padding-right:12%;--awb-padding-bottom:10%;--awb-padding-left:12%;--awb-bg-color:var(--awb-color7);--awb-bg-color-hover:var(--awb-color7);--awb-bg-size:cover;--awb-width-large:25%;--awb-margin-top-large:0px;--awb-spacing-right-large:7.68%;--awb-margin-bottom-large:20px;--awb-spacing-left-large:7.68%;--awb-width-medium:50%;--awb-spacing-right-medium:3.84%;--awb-spacing-left-medium:3.84%;--awb-width-small:100%;--awb-spacing-right-small:1.92%;--awb-spacing-left-small:1.92%;\"><div class=\"fusion-column-wrapper fusion-flex-justify-content-flex-start fusion-content-layout-column\"><div class=\"fusion-image-element \" style=\"text-align:center;--awb-caption-title-font-family:var(--h2_typography-font-family);--awb-caption-title-font-weight:var(--h2_typography-font-weight);--awb-caption-title-font-style:var(--h2_typography-font-style);--awb-caption-title-size:var(--h2_typography-font-size);--awb-caption-title-transform:var(--h2_typography-text-transform);--awb-caption-title-line-height:var(--h2_typography-line-height);--awb-caption-title-letter-spacing:var(--h2_typography-letter-spacing);\"><span class=\" fusion-imageframe imageframe-none imageframe-3 hover-type-none\"><img decoding=\"async\" width=\"120\" height=\"120\" title=\"Inclusion\" src=\"data:image\/svg+xml,%3Csvg%20xmlns%3D%27http%3A%2F%2Fwww.w3.org%2F2000%2Fsvg%27%20width%3D%27120%27%20height%3D%27120%27%20viewBox%3D%270%200%20120%20120%27%3E%3Crect%20width%3D%27120%27%20height%3D%27120%27%20fill-opacity%3D%220%22%2F%3E%3C%2Fsvg%3E\" data-orig-src=\"https:\/\/idealearning.eu\/wp-content\/uploads\/2024\/01\/Inclusion.png\" alt class=\"lazyload img-responsive wp-image-3233\"\/><\/span><\/div><div class=\"fusion-separator fusion-full-width-sep\" style=\"align-self: center;margin-left: auto;margin-right: auto;margin-top:40px;width:100%;\"><\/div><div class=\"fusion-title title fusion-title-5 fusion-sep-none fusion-title-center fusion-title-text fusion-title-size-three\" style=\"--awb-text-color:var(--awb-color1);--awb-margin-bottom:10px;\"><h3 class=\"fusion-title-heading title-heading-center fusion-responsive-typography-calculated\" style=\"margin:0;--fontSize:22;line-height:var(--awb-typography1-line-height);\">Inclus\u00e3o<\/h3><\/div><div class=\"fusion-text fusion-text-4\"><p style=\"text-align: center;\"><span style=\"color: var(--awb-color1);\">Fornecer forma\u00e7\u00e3o (tutoriais, guias) \u00e0s pessoas autistas com maiores necessidades de apoio para acederem a ferramentas digitais.<\/span><\/p>\n<\/div><\/div><\/div><div class=\"fusion-layout-column fusion_builder_column fusion-builder-column-5 fusion_builder_column_1_4 1_4 fusion-flex-column\" style=\"--awb-padding-top:15%;--awb-padding-right:12%;--awb-padding-bottom:10%;--awb-padding-left:12%;--awb-bg-color:var(--awb-color7);--awb-bg-color-hover:var(--awb-color7);--awb-bg-size:cover;--awb-width-large:25%;--awb-margin-top-large:0px;--awb-spacing-right-large:7.68%;--awb-margin-bottom-large:20px;--awb-spacing-left-large:7.68%;--awb-width-medium:50%;--awb-spacing-right-medium:3.84%;--awb-spacing-left-medium:3.84%;--awb-width-small:100%;--awb-spacing-right-small:1.92%;--awb-spacing-left-small:1.92%;\"><div class=\"fusion-column-wrapper fusion-flex-justify-content-flex-start fusion-content-layout-column\"><div class=\"fusion-image-element \" style=\"text-align:center;--awb-caption-title-font-family:var(--h2_typography-font-family);--awb-caption-title-font-weight:var(--h2_typography-font-weight);--awb-caption-title-font-style:var(--h2_typography-font-style);--awb-caption-title-size:var(--h2_typography-font-size);--awb-caption-title-transform:var(--h2_typography-text-transform);--awb-caption-title-line-height:var(--h2_typography-line-height);--awb-caption-title-letter-spacing:var(--h2_typography-letter-spacing);\"><span class=\" fusion-imageframe imageframe-none imageframe-4 hover-type-none\"><img decoding=\"async\" width=\"120\" height=\"120\" title=\"Enablement\" src=\"data:image\/svg+xml,%3Csvg%20xmlns%3D%27http%3A%2F%2Fwww.w3.org%2F2000%2Fsvg%27%20width%3D%27120%27%20height%3D%27120%27%20viewBox%3D%270%200%20120%20120%27%3E%3Crect%20width%3D%27120%27%20height%3D%27120%27%20fill-opacity%3D%220%22%2F%3E%3C%2Fsvg%3E\" data-orig-src=\"https:\/\/idealearning.eu\/wp-content\/uploads\/2024\/01\/Enablement.png\" alt class=\"lazyload img-responsive wp-image-3215\"\/><\/span><\/div><div class=\"fusion-separator fusion-full-width-sep\" style=\"align-self: center;margin-left: auto;margin-right: auto;margin-top:40px;width:100%;\"><\/div><div class=\"fusion-title title fusion-title-6 fusion-sep-none fusion-title-center fusion-title-text fusion-title-size-three\" style=\"--awb-text-color:var(--awb-color1);--awb-margin-bottom:10px;\"><h3 class=\"fusion-title-heading title-heading-center fusion-responsive-typography-calculated\" style=\"margin:0;--fontSize:22;line-height:var(--awb-typography1-line-height);\">Apoio<\/h3><\/div><div class=\"fusion-text fusion-text-5\"><p style=\"text-align: center;\"><span style=\"color: var(--awb-color1);\">Apoiar educadores, professores, formadores do ensino e forma\u00e7\u00e3o profissional, terapeutas e outros profissionais na utiliza\u00e7\u00e3o e acesso a ferramentas digitais.<\/span><\/p>\n<\/div><\/div><\/div><div class=\"fusion-layout-column fusion_builder_column fusion-builder-column-6 fusion_builder_column_1_4 1_4 fusion-flex-column\" style=\"--awb-padding-top:15%;--awb-padding-right:12%;--awb-padding-bottom:10%;--awb-padding-left:12%;--awb-bg-color:var(--awb-color7);--awb-bg-color-hover:var(--awb-color7);--awb-bg-size:cover;--awb-width-large:25%;--awb-margin-top-large:0px;--awb-spacing-right-large:7.68%;--awb-margin-bottom-large:20px;--awb-spacing-left-large:7.68%;--awb-width-medium:50%;--awb-spacing-right-medium:3.84%;--awb-spacing-left-medium:3.84%;--awb-width-small:100%;--awb-spacing-right-small:1.92%;--awb-spacing-left-small:1.92%;\"><div class=\"fusion-column-wrapper fusion-flex-justify-content-flex-start fusion-content-layout-column\"><div class=\"fusion-image-element \" style=\"text-align:center;--awb-caption-title-font-family:var(--h2_typography-font-family);--awb-caption-title-font-weight:var(--h2_typography-font-weight);--awb-caption-title-font-style:var(--h2_typography-font-style);--awb-caption-title-size:var(--h2_typography-font-size);--awb-caption-title-transform:var(--h2_typography-text-transform);--awb-caption-title-line-height:var(--h2_typography-line-height);--awb-caption-title-letter-spacing:var(--h2_typography-letter-spacing);\"><span class=\" fusion-imageframe imageframe-none imageframe-5 hover-type-none\"><img decoding=\"async\" width=\"120\" height=\"120\" title=\"Empowerment\" src=\"data:image\/svg+xml,%3Csvg%20xmlns%3D%27http%3A%2F%2Fwww.w3.org%2F2000%2Fsvg%27%20width%3D%27120%27%20height%3D%27120%27%20viewBox%3D%270%200%20120%20120%27%3E%3Crect%20width%3D%27120%27%20height%3D%27120%27%20fill-opacity%3D%220%22%2F%3E%3C%2Fsvg%3E\" data-orig-src=\"https:\/\/idealearning.eu\/wp-content\/uploads\/2024\/01\/Empowerment.png\" alt class=\"lazyload img-responsive wp-image-3209\"\/><\/span><\/div><div class=\"fusion-separator fusion-full-width-sep\" style=\"align-self: center;margin-left: auto;margin-right: auto;margin-top:40px;width:100%;\"><\/div><div class=\"fusion-title title fusion-title-7 fusion-sep-none fusion-title-center fusion-title-text fusion-title-size-three\" style=\"--awb-text-color:var(--awb-color1);--awb-margin-bottom:10px;\"><h3 class=\"fusion-title-heading title-heading-center fusion-responsive-typography-calculated\" style=\"margin:0;--fontSize:22;line-height:var(--awb-typography1-line-height);\">Capacita\u00e7\u00e3o<\/h3><\/div><div class=\"fusion-text fusion-text-6\"><p style=\"text-align: center;\"><span style=\"color: var(--awb-color1);\">Desenvolver um recurso de informa\u00e7\u00e3o \u00fatil para que as pessoas autistas e as suas fam\u00edlias possam aprender e escolher as ferramentas digitais que mais lhes conv\u00eam e interessam.<\/span><\/p>\n<\/div><\/div><\/div><\/div><\/div><div class=\"fusion-bg-parallax\" data-bg-align=\"center bottom\" data-direction=\"right\" data-mute=\"false\" data-opacity=\"100\" data-velocity=\"-0.5\" data-mobile-enabled=\"false\" data-break_parents=\"0\" data-bg-image=\"http:\/\/idealearning.eu\/wp-content\/uploads\/2015\/02\/background2-scaled.jpg\" data-bg-repeat=\"false\" data-bg-color=\"var(--awb-color7)\" ><\/div><div class=\"fusion-fullwidth fullwidth-box fusion-builder-row-4 fusion-flex-container fusion-parallax-right nonhundred-percent-fullwidth non-hundred-percent-height-scrolling lazyload\" style=\"--awb-background-position:center bottom;--awb-border-sizes-top:0px;--awb-border-sizes-bottom:0px;--awb-border-sizes-left:0px;--awb-border-sizes-right:0px;--awb-border-radius-top-left:0px;--awb-border-radius-top-right:0px;--awb-border-radius-bottom-right:0px;--awb-border-radius-bottom-left:0px;--awb-padding-top:150px;--awb-padding-bottom:100px;--awb-padding-top-medium:142px;--awb-padding-bottom-medium:50px;--awb-background-color:var(--awb-color7);--awb-background-size:cover;--awb-flex-wrap:wrap;\" data-bg=\"http:\/\/idealearning.eu\/wp-content\/uploads\/2015\/02\/background2-scaled.jpg\" ><div class=\"fusion-builder-row fusion-row fusion-flex-align-items-flex-start fusion-flex-content-wrap\" style=\"max-width:calc( 1170px + 0px );margin-left: calc(-0px \/ 2 );margin-right: calc(-0px \/ 2 );\"><div class=\"fusion-layout-column fusion_builder_column fusion-builder-column-7 fusion_builder_column_1_1 1_1 fusion-flex-column fusion-flex-align-self-flex-start fusion-column-no-min-height\" style=\"--awb-bg-blend:overlay;--awb-bg-size:cover;--awb-width-large:100%;--awb-margin-top-large:0px;--awb-spacing-right-large:0px;--awb-margin-bottom-large:40px;--awb-spacing-left-large:0px;--awb-width-medium:100%;--awb-spacing-right-medium:0px;--awb-spacing-left-medium:0px;--awb-width-small:100%;--awb-spacing-right-small:0px;--awb-spacing-left-small:0px;\"><div class=\"fusion-column-wrapper fusion-flex-justify-content-flex-start fusion-content-layout-column\"><div class=\"fusion-title title fusion-title-8 fusion-sep-none fusion-title-center fusion-title-text fusion-title-size-two\" style=\"--awb-text-color:var(--awb-color1);--awb-margin-bottom:20px;\"><h2 class=\"fusion-title-heading title-heading-center fusion-responsive-typography-calculated\" style=\"margin:0;--fontSize:48;line-height:var(--awb-typography1-line-height);\">RESULTADOS ESPERADOS<\/h2><\/div><div class=\"fusion-text fusion-text-7\"><\/div><\/div><\/div><div class=\"fusion-layout-column fusion_builder_column fusion-builder-column-8 fusion_builder_column_1_1 1_1 fusion-flex-column fusion-flex-align-self-flex-start fusion-column-no-min-height\" style=\"--awb-bg-blend:overlay;--awb-bg-size:cover;--awb-width-large:100%;--awb-margin-top-large:0px;--awb-spacing-right-large:0px;--awb-margin-bottom-large:0px;--awb-spacing-left-large:0px;--awb-width-medium:100%;--awb-spacing-right-medium:0px;--awb-spacing-left-medium:0px;--awb-width-small:100%;--awb-spacing-right-small:0px;--awb-spacing-left-small:0px;\"><div class=\"fusion-column-wrapper fusion-flex-justify-content-flex-start fusion-content-layout-column\"><div class=\"fusion-content-boxes content-boxes columns row fusion-columns-3 fusion-columns-total-3 fusion-content-boxes-1 content-boxes-icon-on-side content-left\" style=\"--awb-hover-accent-color:var(--awb-color5);--awb-circle-hover-accent-color:transparent;\" data-animationOffset=\"top-into-view\"><div style=\"--awb-backgroundcolor:rgba(255,255,255,0);--awb-content-padding-left:64px;\" class=\"fusion-column content-box-column content-box-column content-box-column-1 col-lg-4 col-md-4 col-sm-4 fusion-content-box-hover content-box-column-first-in-row\"><div class=\"col content-box-wrapper content-wrapper link-area-box icon-hover-animation-slide\" data-animationOffset=\"top-into-view\"><div class=\"heading heading-with-icon icon-left\"><div class=\"icon\"><i style=\"border-color:var(--awb-color1);border-width:1px;background-color:rgba(255,255,255,0);box-sizing:content-box;height:42px;width:42px;line-height:42px;border-radius:50%;font-size:21px;\" aria-hidden=\"true\" class=\"fontawesome-icon fa-laptop-code fas circle-yes\"><\/i><\/div><h2 class=\"content-box-heading fusion-responsive-typography-calculated\" style=\"--h2_typography-font-size:18px;--fontSize:18;line-height:var(--awb-typography1-line-height);padding-left:64px;\">Plataforma digital<\/h2><\/div><div class=\"fusion-clearfix\"><\/div><div class=\"content-container\">\n<p>Sistema de Gest\u00e3o de Aprendizagem (LMS) em conformidade com os requisitos de acessibilidade para pessoas com autismo (alunos, formandos do ensino e forma\u00e7\u00e3o profissional, pessoas com diferentes necessidades de apoio, etc.)<\/p>\n<\/div><\/div><\/div><div style=\"--awb-backgroundcolor:rgba(255,255,255,0);--awb-content-padding-left:64px;\" class=\"fusion-column content-box-column content-box-column content-box-column-2 col-lg-4 col-md-4 col-sm-4 fusion-content-box-hover \"><div class=\"col content-box-wrapper content-wrapper link-area-box icon-hover-animation-slide\" data-animationOffset=\"top-into-view\"><div class=\"heading heading-with-icon icon-left\"><div class=\"icon\"><i style=\"border-color:var(--awb-color1);border-width:1px;background-color:rgba(255,255,255,0);box-sizing:content-box;height:42px;width:42px;line-height:42px;border-radius:50%;font-size:21px;\" aria-hidden=\"true\" class=\"fontawesome-icon fa-tasks fas circle-yes\"><\/i><\/div><h2 class=\"content-box-heading fusion-responsive-typography-calculated\" style=\"--h2_typography-font-size:18px;--fontSize:18;line-height:var(--awb-typography1-line-height);padding-left:64px;\">Avalia\u00e7\u00e3o da acessibilidade para autistas<\/h2><\/div><div class=\"fusion-clearfix\"><\/div><div class=\"content-container\">\n<p>Avalia\u00e7\u00e3o de diferentes ferramentas digitais de acordo com a sua utilidade segundo uma abordagem centrada na pessoa.<\/p>\n<\/div><\/div><\/div><div style=\"--awb-backgroundcolor:rgba(255,255,255,0);--awb-content-padding-left:64px;\" class=\"fusion-column content-box-column content-box-column content-box-column-3 col-lg-4 col-md-4 col-sm-4 fusion-content-box-hover content-box-column-last content-box-column-last-in-row\"><div class=\"col content-box-wrapper content-wrapper link-area-box icon-hover-animation-slide\" data-animationOffset=\"top-into-view\"><div class=\"heading heading-with-icon icon-left\"><div class=\"icon\"><i style=\"border-color:var(--awb-color1);border-width:1px;background-color:rgba(255,255,255,0);box-sizing:content-box;height:42px;width:42px;line-height:42px;border-radius:50%;font-size:21px;\" aria-hidden=\"true\" class=\"fontawesome-icon fa-chalkboard-teacher fas circle-yes\"><\/i><\/div><h2 class=\"content-box-heading fusion-responsive-typography-calculated\" style=\"--h2_typography-font-size:18px;--fontSize:18;line-height:var(--awb-typography1-line-height);padding-left:64px;\">Forma\u00e7\u00e3o<\/h2><\/div><div class=\"fusion-clearfix\"><\/div><div class=\"content-container\">\n<p>Metodologia para a forma\u00e7\u00e3o digital<\/p>\n<\/div><\/div><\/div><div class=\"fusion-clearfix\"><\/div><\/div><\/div><\/div><\/div><\/div><div class=\"fusion-fullwidth fullwidth-box fusion-builder-row-5 fusion-flex-container nonhundred-percent-fullwidth non-hundred-percent-height-scrolling\" style=\"--link_hover_color: var(--awb-color6);--link_color: var(--awb-color6);--awb-border-sizes-top:0px;--awb-border-sizes-bottom:0px;--awb-border-sizes-left:0px;--awb-border-sizes-right:0px;--awb-border-radius-top-left:0px;--awb-border-radius-top-right:0px;--awb-border-radius-bottom-right:0px;--awb-border-radius-bottom-left:0px;--awb-padding-top:80px;--awb-padding-right:30px;--awb-padding-bottom:80px;--awb-padding-left:30px;--awb-padding-bottom-medium:50px;--awb-padding-bottom-small:0px;--awb-margin-top:0px;--awb-margin-bottom:0px;--awb-background-color:var(--awb-custom1);--awb-flex-wrap:wrap;\" ><div class=\"fusion-builder-row fusion-row fusion-flex-align-items-flex-start fusion-flex-content-wrap\" style=\"max-width:1216.8px;margin-left: calc(-4% \/ 2 );margin-right: calc(-4% \/ 2 );\"><div class=\"fusion-layout-column fusion_builder_column fusion-builder-column-9 fusion_builder_column_1_1 1_1 fusion-flex-column\" style=\"--awb-bg-size:cover;--awb-width-large:100%;--awb-margin-top-large:70px;--awb-spacing-right-large:1.92%;--awb-margin-bottom-large:20px;--awb-spacing-left-large:1.92%;--awb-width-medium:100%;--awb-order-medium:0;--awb-spacing-right-medium:1.92%;--awb-spacing-left-medium:1.92%;--awb-width-small:100%;--awb-order-small:0;--awb-spacing-right-small:1.92%;--awb-spacing-left-small:1.92%;\"><div class=\"fusion-column-wrapper fusion-column-has-shadow fusion-flex-justify-content-flex-start fusion-content-layout-column\"><div class=\"fusion-flip-boxes flip-boxes row fusion-columns-3 flip-effect-3d equal-heights\" style=\"--awb-flip-duration:1.0s;--awb-margin-top:16px;--awb-margin-bottom:16px;\"><div class=\"fusion-flip-box-wrapper fusion-column col-lg-4 col-md-4 col-sm-4\"><div class=\"fusion-flip-box flip-up\" tabindex=\"0\"><div class=\"flip-box-inner-wrapper\"><div class=\"flip-box-front\" style=\"--awb-icon-color:var(--awb-color1);--awb-border-color:var(--awb-color3);--awb-border-size:3px;--awb-border-radius:6px;--awb-background-color-front:var(--awb-custom1);--awb-title-front-color:var(--awb-color1);--awb-text-front-color:var(--awb-color1);\"><div class=\"flip-box-front-inner\"><div class=\"flip-box-grafix flip-box-image\"><img decoding=\"async\" class=\"lazyload\" src=\"data:image\/svg+xml,%3Csvg%20xmlns%3D%27http%3A%2F%2Fwww.w3.org%2F2000%2Fsvg%27%20width%3D%271566%27%20height%3D%27593%27%20viewBox%3D%270%200%201566%20593%27%3E%3Crect%20width%3D%271566%27%20height%3D%27593%27%20fill-opacity%3D%220%22%2F%3E%3C%2Fsvg%3E\" data-orig-src=\"http:\/\/idealearning.eu\/wp-content\/uploads\/2022\/10\/Escudo-Color-TL-300x114.png\" width=\"300\" height=\"114\" alt=\"\" \/><\/div><\/div><\/div><div class=\"flip-box-back\" style=\"--awb-icon-color:var(--awb-color1);--awb-border-color:var(--awb-color3);--awb-border-size:3px;--awb-border-radius:6px;--awb-background-color-back:var(--awb-color8);--awb-title-back-color:#ffffff;--awb-text-back-color:rgba(255,255,255,0.8);\"><div class=\"flip-box-back-inner\">\n<p>A Universidade de Burgos \u00e9 uma universidade p\u00fablica centrada na internacionaliza\u00e7\u00e3o. Uma das suas miss\u00f5es \u00e9 tornar-se um motor cient\u00edfico atrav\u00e9s da investiga\u00e7\u00e3o e transfer\u00eancia de conhecimento, contribuindo para o desenvolvimento social, econ\u00f3mico e cultural.<\/p>\n<\/div><\/div><\/div><\/div><\/div><div class=\"fusion-flip-box-wrapper fusion-column col-lg-4 col-md-4 col-sm-4\"><div class=\"fusion-flip-box flip-right\" tabindex=\"0\"><div class=\"flip-box-inner-wrapper\"><div class=\"flip-box-front\" style=\"--awb-icon-color:var(--awb-color1);--awb-border-color:var(--awb-color3);--awb-border-size:3px;--awb-border-radius:6px;--awb-background-color-front:var(--awb-custom1);--awb-title-front-color:var(--awb-color1);--awb-text-front-color:var(--awb-color1);\"><div class=\"flip-box-front-inner\"><div class=\"flip-box-grafix flip-box-image\"><img decoding=\"async\" class=\"lazyload\" src=\"data:image\/svg+xml,%3Csvg%20xmlns%3D%27http%3A%2F%2Fwww.w3.org%2F2000%2Fsvg%27%20width%3D%27500%27%20height%3D%27224%27%20viewBox%3D%270%200%20500%20224%27%3E%3Crect%20width%3D%27500%27%20height%3D%27224%27%20fill-opacity%3D%220%22%2F%3E%3C%2Fsvg%3E\" data-orig-src=\"http:\/\/idealearning.eu\/wp-content\/uploads\/2022\/11\/image-1-300x134.png\" width=\"300\" height=\"134\" alt=\"\" \/><\/div><\/div><\/div><div class=\"flip-box-back\" style=\"--awb-icon-color:var(--awb-color1);--awb-border-color:var(--awb-color3);--awb-border-size:3px;--awb-border-radius:6px;--awb-background-color-back:var(--awb-color8);--awb-title-back-color:#ffffff;--awb-text-back-color:rgba(255,255,255,0.8);\"><div class=\"flip-box-back-inner\">\n<p>Fundaci\u00f3n Miradas \u00e9 uma organiza\u00e7\u00e3o de \u00e2mbito estatal criada em 2013 por Autismo Burgos (Espanha) que apoia a capacidade legal e a defesa dos direitos das pessoas com autismo e suas fam\u00edlias, bem como a melhoria da sua qualidade de vida.<\/p>\n<\/div><\/div><\/div><\/div><\/div><div class=\"fusion-flip-box-wrapper fusion-column col-lg-4 col-md-4 col-sm-4\"><div class=\"fusion-flip-box flip-down\" tabindex=\"0\"><div class=\"flip-box-inner-wrapper\"><div class=\"flip-box-front\" style=\"--awb-icon-color:var(--awb-color1);--awb-border-color:var(--awb-color3);--awb-border-size:3px;--awb-border-radius:6px;--awb-background-color-front:#94bce8;--awb-title-front-color:var(--awb-color1);--awb-text-front-color:var(--awb-color1);\"><div class=\"flip-box-front-inner\"><div class=\"flip-box-grafix flip-box-image\"><img decoding=\"async\" class=\"lazyload\" src=\"data:image\/svg+xml,%3Csvg%20xmlns%3D%27http%3A%2F%2Fwww.w3.org%2F2000%2Fsvg%27%20width%3D%27300%27%20height%3D%2794%27%20viewBox%3D%270%200%20300%2094%27%3E%3Crect%20width%3D%27300%27%20height%3D%2794%27%20fill-opacity%3D%220%22%2F%3E%3C%2Fsvg%3E\" data-orig-src=\"http:\/\/idealearning.eu\/wp-content\/uploads\/2022\/10\/8698c55dd3a339e3c27b6e8af6fc803f.png\" width=\"300\" height=\"94\" alt=\"\" \/><\/div><\/div><\/div><div class=\"flip-box-back\" style=\"--awb-icon-color:var(--awb-color1);--awb-border-color:var(--awb-color3);--awb-border-size:3px;--awb-border-radius:6px;--awb-background-color-back:var(--awb-color8);--awb-title-back-color:var(--awb-color1);--awb-text-back-color:rgba(255,255,255,0.8);\"><div class=\"flip-box-back-inner\">\n<p>Autism-Europe \u00e9 uma associa\u00e7\u00e3o internacional cujo principal objetivo \u00e9 promover os direitos das pessoas com autismo e ajud\u00e1-las a melhorar a sua qualidade de vida. A AE tamb\u00e9m luta por uma maior consciencializa\u00e7\u00e3o e compreens\u00e3o do autismo na sociedade.<\/p>\n<\/div><\/div><\/div><\/div><\/div><\/div><div class=\"fusion-flip-boxes flip-boxes row fusion-columns-3 flip-effect-3d equal-heights\" style=\"--awb-flip-duration:1.0s;--awb-margin-top:16px;--awb-margin-bottom:16px;\"><div class=\"fusion-flip-box-wrapper fusion-column col-lg-4 col-md-4 col-sm-4\"><div class=\"fusion-flip-box flip-up\" tabindex=\"0\"><div class=\"flip-box-inner-wrapper\"><div class=\"flip-box-front\" style=\"--awb-icon-color:var(--awb-color1);--awb-border-color:var(--awb-color3);--awb-border-size:3px;--awb-border-radius:6px;--awb-background-color-front:var(--awb-custom1);--awb-title-front-color:var(--awb-color1);--awb-text-front-color:var(--awb-color1);\"><div class=\"flip-box-front-inner\"><div class=\"flip-box-grafix flip-box-image\"><img decoding=\"async\" class=\"lazyload\" src=\"data:image\/svg+xml,%3Csvg%20xmlns%3D%27http%3A%2F%2Fwww.w3.org%2F2000%2Fsvg%27%20width%3D%27251%27%20height%3D%27201%27%20viewBox%3D%270%200%20251%20201%27%3E%3Crect%20width%3D%27251%27%20height%3D%27201%27%20fill-opacity%3D%220%22%2F%3E%3C%2Fsvg%3E\" data-orig-src=\"http:\/\/idealearning.eu\/wp-content\/uploads\/2022\/10\/logo-FHZ.jpg\" width=\"251\" height=\"201\" alt=\"\" \/><\/div><\/div><\/div><div class=\"flip-box-back\" style=\"--awb-icon-color:var(--awb-color1);--awb-border-color:var(--awb-color3);--awb-border-size:3px;--awb-border-radius:6px;--awb-background-color-back:var(--awb-color8);--awb-title-back-color:#ffffff;--awb-text-back-color:rgba(255,255,255,0.8);\"><div class=\"flip-box-back-inner\">\n<p>A Fondacija hiljadu \u017eelja (Funda\u00e7\u00e3o Mil Desejos) foi criada em 2018 por um grupo de familiares de pessoas com autismo. \u00c9 uma organiza\u00e7\u00e3o n\u00e3o governamental, sem fins lucrativos, criada para alcan\u00e7ar objetivos gerais de bem-estar, melhorar a prote\u00e7\u00e3o social e de sa\u00fade, melhorar a situa\u00e7\u00e3o das pessoas com defici\u00eancia, cuidar de crian\u00e7as, jovens e idosos.<\/p>\n<\/div><\/div><\/div><\/div><\/div><div class=\"fusion-flip-box-wrapper fusion-column col-lg-4 col-md-4 col-sm-4\"><div class=\"fusion-flip-box flip-right\" tabindex=\"0\"><div class=\"flip-box-inner-wrapper\"><div class=\"flip-box-front\" style=\"--awb-icon-color:var(--awb-color1);--awb-border-color:var(--awb-color3);--awb-border-size:3px;--awb-border-radius:6px;--awb-background-color-front:#94bce8;--awb-title-front-color:var(--awb-color1);--awb-text-front-color:var(--awb-color1);\"><div class=\"flip-box-front-inner\"><div class=\"flip-box-grafix flip-box-image\"><img decoding=\"async\" class=\"lazyload\" src=\"data:image\/svg+xml,%3Csvg%20xmlns%3D%27http%3A%2F%2Fwww.w3.org%2F2000%2Fsvg%27%20width%3D%27833%27%20height%3D%27299%27%20viewBox%3D%270%200%20833%20299%27%3E%3Crect%20width%3D%27833%27%20height%3D%27299%27%20fill-opacity%3D%220%22%2F%3E%3C%2Fsvg%3E\" data-orig-src=\"http:\/\/idealearning.eu\/wp-content\/uploads\/2022\/11\/image-2-300x108.png\" width=\"300\" height=\"108\" alt=\"\" \/><\/div><\/div><\/div><div class=\"flip-box-back\" style=\"--awb-icon-color:var(--awb-color1);--awb-border-color:var(--awb-color3);--awb-border-size:3px;--awb-border-radius:6px;--awb-background-color-back:var(--awb-color8);--awb-title-back-color:#ffffff;--awb-text-back-color:rgba(255,255,255,0.8);\"><div class=\"flip-box-back-inner\">\n<p>A FPDA \u00e9 uma ONGPD (Organiza\u00e7\u00e3o N\u00e3o-Governamental para pessoas com defici\u00eancia) sem fins lucrativos, registada sob a lei portuguesa n\u00ba48, que integra 13 ONGs (Associa\u00e7\u00f5es Portuguesas para pessoas com autismo) em todo o pa\u00eds, incluindo as ilhas portuguesas, A\u00e7ores e Madeira. A FPDA foi fundada em 2003.<\/p>\n<\/div><\/div><\/div><\/div><\/div><div class=\"fusion-flip-box-wrapper fusion-column col-lg-4 col-md-4 col-sm-4\"><div class=\"fusion-flip-box flip-down\" tabindex=\"0\"><div class=\"flip-box-inner-wrapper\"><div class=\"flip-box-front\" style=\"--awb-icon-color:var(--awb-color1);--awb-border-color:var(--awb-color3);--awb-border-size:3px;--awb-border-radius:6px;--awb-background-color-front:#94bce8;--awb-title-front-color:var(--awb-color1);--awb-text-front-color:var(--awb-color1);\"><div class=\"flip-box-front-inner\"><div class=\"flip-box-grafix flip-box-image\"><img decoding=\"async\" class=\"lazyload\" src=\"data:image\/svg+xml,%3Csvg%20xmlns%3D%27http%3A%2F%2Fwww.w3.org%2F2000%2Fsvg%27%20width%3D%27191%27%20height%3D%2750%27%20viewBox%3D%270%200%20191%2050%27%3E%3Crect%20width%3D%27191%27%20height%3D%2750%27%20fill-opacity%3D%220%22%2F%3E%3C%2Fsvg%3E\" data-orig-src=\"http:\/\/idealearning.eu\/wp-content\/uploads\/2022\/11\/tadytomamrad_nove_logo3.png\" width=\"191\" height=\"50\" alt=\"\" \/><\/div><\/div><\/div><div class=\"flip-box-back\" style=\"--awb-icon-color:var(--awb-color1);--awb-border-color:var(--awb-color3);--awb-border-size:3px;--awb-border-radius:6px;--awb-background-color-back:var(--awb-color8);--awb-title-back-color:#ffffff;--awb-text-back-color:rgba(255,255,255,0.8);\"><div class=\"flip-box-back-inner\">\n<p>Tady to m\u00e1m r\u00e1d re\u00fane pais, irm\u00e3os e amigos de pessoas com autismo. O objetivo deste projeto \u00e9 fortalecer a coes\u00e3o social no territ\u00f3rio da \u00e1rea metropolitana de Brno e aumentar a disponibiliza\u00e7\u00e3o de servi\u00e7os sociais de qualidade e outros servi\u00e7os relacionados na regi\u00e3o da Mor\u00e1via do Sul para pessoas com autismo.<\/p>\n<\/div><\/div><\/div><\/div><\/div><\/div><div class=\"fusion-builder-row fusion-builder-row-inner fusion-row fusion-flex-align-items-flex-start fusion-flex-content-wrap\" style=\"width:104% !important;max-width:104% !important;margin-left: calc(-4% \/ 2 );margin-right: calc(-4% \/ 2 );\"><div class=\"fusion-layout-column fusion_builder_column_inner fusion-builder-nested-column-0 fusion_builder_column_inner_1_3 1_3 fusion-flex-column\" style=\"--awb-bg-size:cover;--awb-width-large:33.333333333333%;--awb-margin-top-large:0px;--awb-spacing-right-large:5.76%;--awb-margin-bottom-large:20px;--awb-spacing-left-large:5.76%;--awb-width-medium:100%;--awb-order-medium:0;--awb-spacing-right-medium:1.92%;--awb-spacing-left-medium:1.92%;--awb-width-small:100%;--awb-order-small:0;--awb-spacing-right-small:1.92%;--awb-spacing-left-small:1.92%;\"><div class=\"fusion-column-wrapper fusion-column-has-shadow fusion-flex-justify-content-flex-start fusion-content-layout-column\"><\/div><\/div><div class=\"fusion-layout-column fusion_builder_column_inner fusion-builder-nested-column-1 fusion_builder_column_inner_1_3 1_3 fusion-flex-column\" style=\"--awb-bg-size:cover;--awb-width-large:33.333333333333%;--awb-margin-top-large:0px;--awb-spacing-right-large:5.76%;--awb-margin-bottom-large:20px;--awb-spacing-left-large:5.76%;--awb-width-medium:100%;--awb-order-medium:0;--awb-spacing-right-medium:1.92%;--awb-spacing-left-medium:1.92%;--awb-width-small:100%;--awb-order-small:0;--awb-spacing-right-small:1.92%;--awb-spacing-left-small:1.92%;\"><div class=\"fusion-column-wrapper fusion-column-has-shadow fusion-flex-justify-content-flex-start fusion-content-layout-column\"><div class=\"fusion-flip-boxes flip-boxes row fusion-columns-1 flip-effect-3d\" style=\"--awb-flip-duration:1.0s;\"><div class=\"fusion-flip-box-wrapper fusion-column col-lg-12 col-md-12 col-sm-12\"><div class=\"fusion-flip-box flip-up\" tabindex=\"0\"><div class=\"flip-box-inner-wrapper\"><div class=\"flip-box-front\" style=\"--awb-border-color:var(--awb-color3);--awb-border-size:3px;--awb-background-color-front:var(--awb-custom1);\"><div class=\"flip-box-front-inner\"><div class=\"flip-box-grafix flip-box-image\"><img decoding=\"async\" class=\"lazyload\" src=\"data:image\/svg+xml,%3Csvg%20xmlns%3D%27http%3A%2F%2Fwww.w3.org%2F2000%2Fsvg%27%20width%3D%27320%27%20height%3D%27127%27%20viewBox%3D%270%200%20320%20127%27%3E%3Crect%20width%3D%27320%27%20height%3D%27127%27%20fill-opacity%3D%220%22%2F%3E%3C%2Fsvg%3E\" data-orig-src=\"http:\/\/idealearning.eu\/wp-content\/uploads\/2023\/12\/CatnessLogoH-300x119.png\" width=\"300\" height=\"119\" alt=\"\" \/><\/div><\/div><\/div><div class=\"flip-box-back\" style=\"--awb-border-color:var(--awb-color3);--awb-border-size:3px;--awb-background-color-back:var(--awb-color8);\"><div class=\"flip-box-back-inner\">\n<p>Catness Game Studios \u00e9 uma empresa de desenvolvimento de jogos de ciclo completo que trabalha com os melhores jogos Unreal Engine desde 2014. Foi criada por uma equipa experiente e multidisciplinar de programadores, artistas e designers que partilham uma paix\u00e3o comum: os jogos de v\u00eddeo.<\/p>\n<\/div><\/div><\/div><\/div><\/div><\/div><\/div><\/div><div class=\"fusion-layout-column fusion_builder_column_inner fusion-builder-nested-column-2 fusion_builder_column_inner_1_3 1_3 fusion-flex-column\" style=\"--awb-bg-size:cover;--awb-width-large:33.333333333333%;--awb-margin-top-large:0px;--awb-spacing-right-large:5.76%;--awb-margin-bottom-large:20px;--awb-spacing-left-large:5.76%;--awb-width-medium:100%;--awb-order-medium:0;--awb-spacing-right-medium:1.92%;--awb-spacing-left-medium:1.92%;--awb-width-small:100%;--awb-order-small:0;--awb-spacing-right-small:1.92%;--awb-spacing-left-small:1.92%;\"><div class=\"fusion-column-wrapper fusion-column-has-shadow fusion-flex-justify-content-flex-start fusion-content-layout-column\"><\/div><\/div><\/div><\/div><\/div><\/div><\/div><div class=\"fusion-bg-parallax\" data-bg-align=\"center bottom\" data-direction=\"right\" data-mute=\"false\" data-opacity=\"100\" data-velocity=\"-0.5\" data-mobile-enabled=\"false\" data-break_parents=\"0\" data-bg-image=\"http:\/\/idealearning.eu\/wp-content\/uploads\/2015\/02\/background33-scaled.jpg\" data-bg-repeat=\"false\" data-bg-color=\"var(--awb-color5)\" ><\/div><div class=\"fusion-fullwidth fullwidth-box fusion-builder-row-6 fusion-flex-container fusion-parallax-right nonhundred-percent-fullwidth non-hundred-percent-height-scrolling lazyload\" style=\"--awb-background-position:center bottom;--awb-border-sizes-top:0px;--awb-border-sizes-bottom:0px;--awb-border-sizes-left:0px;--awb-border-sizes-right:0px;--awb-border-radius-top-left:0px;--awb-border-radius-top-right:0px;--awb-border-radius-bottom-right:0px;--awb-border-radius-bottom-left:0px;--awb-padding-top:150px;--awb-padding-bottom:150px;--awb-padding-top-medium:120px;--awb-padding-bottom-medium:80px;--awb-background-color:var(--awb-color5);--awb-background-size:cover;--awb-flex-wrap:wrap;\" data-bg=\"http:\/\/idealearning.eu\/wp-content\/uploads\/2015\/02\/background33-scaled.jpg\" ><div class=\"fusion-builder-row fusion-row fusion-flex-align-items-flex-start fusion-flex-content-wrap\" style=\"max-width:1216.8px;margin-left: calc(-4% \/ 2 );margin-right: calc(-4% \/ 2 );\"><div class=\"fusion-layout-column fusion_builder_column fusion-builder-column-10 fusion_builder_column_1_1 1_1 fusion-flex-column fusion-flex-align-self-flex-start fusion-column-no-min-height\" style=\"--awb-bg-blend:overlay;--awb-bg-size:cover;--awb-width-large:100%;--awb-margin-top-large:0px;--awb-spacing-right-large:1.92%;--awb-margin-bottom-large:40px;--awb-spacing-left-large:1.92%;--awb-width-medium:100%;--awb-spacing-right-medium:1.92%;--awb-spacing-left-medium:1.92%;--awb-width-small:100%;--awb-spacing-right-small:1.92%;--awb-spacing-left-small:1.92%;\"><div class=\"fusion-column-wrapper fusion-flex-justify-content-flex-start fusion-content-layout-column\"><div class=\"fusion-title title fusion-title-9 fusion-sep-none fusion-title-center fusion-title-text fusion-title-size-two\" style=\"--awb-text-color:var(--awb-color1);--awb-margin-bottom:20px;\"><h2 class=\"fusion-title-heading title-heading-center fusion-responsive-typography-calculated\" style=\"margin:0;--fontSize:48;line-height:var(--awb-typography1-line-height);\">Blogue<\/h2><\/div><\/div><\/div><div class=\"fusion-layout-column fusion_builder_column fusion-builder-column-11 fusion_builder_column_1_1 1_1 fusion-flex-column\" style=\"--awb-bg-size:cover;--awb-width-large:100%;--awb-margin-top-large:0px;--awb-spacing-right-large:1.92%;--awb-margin-bottom-large:20px;--awb-spacing-left-large:1.92%;--awb-width-medium:100%;--awb-order-medium:0;--awb-spacing-right-medium:1.92%;--awb-spacing-left-medium:1.92%;--awb-width-small:100%;--awb-order-small:0;--awb-spacing-right-small:1.92%;--awb-spacing-left-small:1.92%;\"><div class=\"fusion-column-wrapper fusion-column-has-shadow fusion-flex-justify-content-flex-start fusion-content-layout-column\"><div class=\"fusion-blog-shortcode fusion-blog-shortcode-1 fusion-blog-archive fusion-blog-layout-grid-wrapper fusion-blog-infinite\"><style type=\"text\/css\">.fusion-blog-shortcode-1 .fusion-blog-layout-grid .fusion-post-grid{padding:11.5px;}.fusion-blog-shortcode-1 .fusion-posts-container{margin-left: -11.5px !important; margin-right:-11.5px !important;}<\/style><div class=\"fusion-posts-container fusion-posts-container-infinite fusion-posts-container-load-more fusion-no-meta-info fusion-blog-rollover fusion-blog-layout-grid fusion-blog-layout-grid-3 isotope fusion-blog-equal-heights\" data-pages=\"6\" data-grid-col-space=\"23\" style=\"margin: -11.5px -11.5px 0;min-height:500px;\"><article id=\"blog-1-post-4104\" class=\"fusion-post-grid post-4104 post type-post status-publish format-standard has-post-thumbnail hentry category-news-pt-pt\">\n<div class=\"fusion-post-wrapper\" style=\"background-color:var(--awb-color1);border:1px solid var(--awb-color2);border-bottom-width:3px;\">\n\n\t\t\t<div class=\"fusion-flexslider flexslider fusion-flexslider-loading fusion-post-slideshow\" style=\"border-color:var(--awb-color2);\">\n\t\t<ul class=\"slides\">\n\t\t\t\n\t\t\t\t\t\t\t\t\t\t\t\t\t\t<li><div  class=\"fusion-image-wrapper\" aria-haspopup=\"true\">\n\t\t\t\t<img decoding=\"async\" width=\"1200\" height=\"1600\" src=\"data:image\/svg+xml,%3Csvg%20xmlns%3D%27http%3A%2F%2Fwww.w3.org%2F2000%2Fsvg%27%20width%3D%271200%27%20height%3D%271600%27%20viewBox%3D%270%200%201200%201600%27%3E%3Crect%20width%3D%271200%27%20height%3D%271600%27%20fill-opacity%3D%220%22%2F%3E%3C%2Fsvg%3E\" class=\"attachment-full size-full lazyload wp-post-image\" alt=\"\" data-orig-src=\"https:\/\/idealearning.eu\/wp-content\/uploads\/2025\/02\/475148311_1012813750895639_8217583184394802016_n-e1738943259207.jpg\" \/><div class=\"fusion-rollover\">\n\t<div class=\"fusion-rollover-content\">\n\n\t\t\t\t\t\t\t\t\t\t\t\t\t\t<a class=\"fusion-rollover-link\" href=\"https:\/\/idealearning.eu\/pt-pt\/blog\/2025\/02\/07\/conferencia-do-projeto-ideal-um-dia-de-aprendizagem-e-colaboracao\/\">Confer\u00eancia do Projeto IDEAL: Um Dia de aprendizagem e colabora\u00e7\u00e3o<\/a>\n\t\t\t\n\t\t\t\t\t\t\t\t\n\t\t\n\t\t\t\t\t\t\t\t\n\t\t\t\t\t\t\t\t\n\t\t\n\t\t\t\t\t\t<a class=\"fusion-link-wrapper\" href=\"https:\/\/idealearning.eu\/pt-pt\/blog\/2025\/02\/07\/conferencia-do-projeto-ideal-um-dia-de-aprendizagem-e-colaboracao\/\" aria-label=\"Confer\u00eancia do Projeto IDEAL: Um Dia de aprendizagem e colabora\u00e7\u00e3o\"><\/a>\n\t<\/div>\n<\/div>\n<\/div>\n<\/li>\n\t\t\t\n\t\t\t\n\t\t\t\t\t\t\t\t\t\t\t\t\t\t\t\t\t\t\t\t\t\t\t\t\t\t\t\t\t\t\t\t\t\t\t\t\t\t\t\t\t\t\t\t\t\t\t\t\t\t\t\t\t\t\t\t\t\t\t\t\t\t\t\t\t\t\t\t<\/ul>\n\t<\/div>\n\t<div class=\"fusion-post-content-wrapper\" style=\"padding:30px 25px 20px 25px;\"><div class=\"fusion-post-content post-content\"><h2 class=\"blog-shortcode-post-title entry-title\">Confer\u00eancia do Projeto IDEAL: Um Dia de aprendizagem e colabora\u00e7\u00e3o<\/h2><div class=\"fusion-post-content-container\"><p>No passado dia 24 de janeiro, foi realizada a confer\u00eancia do projeto IDEAL no Impact Hub Brno. Durante o evento de quatro horas, os participantes[...]<\/p><\/div><\/div><\/div><div class=\"fusion-clearfix\"><\/div><\/div>\n<\/article>\n<article id=\"blog-1-post-4100\" class=\"fusion-post-grid post-4100 post type-post status-publish format-standard has-post-thumbnail hentry category-news-pt-pt\">\n<div class=\"fusion-post-wrapper\" style=\"background-color:var(--awb-color1);border:1px solid var(--awb-color2);border-bottom-width:3px;\">\n\n\t\t\t<div class=\"fusion-flexslider flexslider fusion-flexslider-loading fusion-post-slideshow\" style=\"border-color:var(--awb-color2);\">\n\t\t<ul class=\"slides\">\n\t\t\t\n\t\t\t\t\t\t\t\t\t\t\t\t\t\t<li><div  class=\"fusion-image-wrapper\" aria-haspopup=\"true\">\n\t\t\t\t<img decoding=\"async\" width=\"2000\" height=\"1500\" src=\"https:\/\/idealearning.eu\/wp-content\/uploads\/2025\/02\/WhatsApp-Image-2025-02-04-at-18.35.51-1.jpeg\" class=\"attachment-full size-full lazyload wp-post-image\" alt=\"\" srcset=\"data:image\/svg+xml,%3Csvg%20xmlns%3D%27http%3A%2F%2Fwww.w3.org%2F2000%2Fsvg%27%20width%3D%272000%27%20height%3D%271500%27%20viewBox%3D%270%200%202000%201500%27%3E%3Crect%20width%3D%272000%27%20height%3D%271500%27%20fill-opacity%3D%220%22%2F%3E%3C%2Fsvg%3E\" data-orig-src=\"https:\/\/idealearning.eu\/wp-content\/uploads\/2025\/02\/WhatsApp-Image-2025-02-04-at-18.35.51-1.jpeg\" data-srcset=\"https:\/\/idealearning.eu\/wp-content\/uploads\/2025\/02\/WhatsApp-Image-2025-02-04-at-18.35.51-1-200x150.jpeg 200w, https:\/\/idealearning.eu\/wp-content\/uploads\/2025\/02\/WhatsApp-Image-2025-02-04-at-18.35.51-1-400x300.jpeg 400w, https:\/\/idealearning.eu\/wp-content\/uploads\/2025\/02\/WhatsApp-Image-2025-02-04-at-18.35.51-1-600x450.jpeg 600w, https:\/\/idealearning.eu\/wp-content\/uploads\/2025\/02\/WhatsApp-Image-2025-02-04-at-18.35.51-1-800x600.jpeg 800w, https:\/\/idealearning.eu\/wp-content\/uploads\/2025\/02\/WhatsApp-Image-2025-02-04-at-18.35.51-1-1200x900.jpeg 1200w, https:\/\/idealearning.eu\/wp-content\/uploads\/2025\/02\/WhatsApp-Image-2025-02-04-at-18.35.51-1.jpeg 2000w\" data-sizes=\"auto\" \/><div class=\"fusion-rollover\">\n\t<div class=\"fusion-rollover-content\">\n\n\t\t\t\t\t\t\t\t\t\t\t\t\t\t<a class=\"fusion-rollover-link\" href=\"https:\/\/idealearning.eu\/pt-pt\/blog\/2025\/02\/06\/burgos-acolhe-evento-de-sucesso-do-projeto-ideal-sobre-autismo-e-tecnologia\/\">Burgos acolhe evento de sucesso do projeto IDEAL sobre Autismo e Tecnologia<\/a>\n\t\t\t\n\t\t\t\t\t\t\t\t\n\t\t\n\t\t\t\t\t\t\t\t\n\t\t\t\t\t\t\t\t\n\t\t\n\t\t\t\t\t\t<a class=\"fusion-link-wrapper\" href=\"https:\/\/idealearning.eu\/pt-pt\/blog\/2025\/02\/06\/burgos-acolhe-evento-de-sucesso-do-projeto-ideal-sobre-autismo-e-tecnologia\/\" aria-label=\"Burgos acolhe evento de sucesso do projeto IDEAL sobre Autismo e Tecnologia\"><\/a>\n\t<\/div>\n<\/div>\n<\/div>\n<\/li>\n\t\t\t\n\t\t\t\n\t\t\t\t\t\t\t\t\t\t\t\t\t\t\t\t\t\t\t\t\t\t\t\t\t\t\t\t\t\t\t\t\t\t\t\t\t\t\t\t\t\t\t\t\t\t\t\t\t\t\t\t\t\t\t\t\t\t\t\t\t\t\t\t\t\t\t\t<\/ul>\n\t<\/div>\n\t<div class=\"fusion-post-content-wrapper\" style=\"padding:30px 25px 20px 25px;\"><div class=\"fusion-post-content post-content\"><h2 class=\"blog-shortcode-post-title entry-title\">Burgos acolhe evento de sucesso do projeto IDEAL sobre Autismo e Tecnologia<\/h2><div class=\"fusion-post-content-container\"><p>\u00a0 Burgos, Espanha \u2013 No dia 4 de fevereiro, \u201cLa Estaci\u00f3n de la Ciencia y la Tecnolog\u00eda\u201d recebeu um evento vibrante para compartilhar o Projeto[...]<\/p><\/div><\/div><\/div><div class=\"fusion-clearfix\"><\/div><\/div>\n<\/article>\n<article id=\"blog-1-post-4028\" class=\"fusion-post-grid post-4028 post type-post status-publish format-standard has-post-thumbnail hentry category-news-pt-pt\">\n<div class=\"fusion-post-wrapper\" style=\"background-color:var(--awb-color1);border:1px solid var(--awb-color2);border-bottom-width:3px;\">\n\n\t\t\t<div class=\"fusion-flexslider flexslider fusion-flexslider-loading fusion-post-slideshow\" style=\"border-color:var(--awb-color2);\">\n\t\t<ul class=\"slides\">\n\t\t\t\n\t\t\t\t\t\t\t\t\t\t\t\t\t\t<li><div  class=\"fusion-image-wrapper\" aria-haspopup=\"true\">\n\t\t\t\t<img decoding=\"async\" width=\"1080\" height=\"1080\" src=\"https:\/\/idealearning.eu\/wp-content\/uploads\/2024\/10\/Fernando-Campilho-photo.png\" class=\"attachment-full size-full lazyload wp-post-image\" alt=\"\" srcset=\"data:image\/svg+xml,%3Csvg%20xmlns%3D%27http%3A%2F%2Fwww.w3.org%2F2000%2Fsvg%27%20width%3D%271080%27%20height%3D%271080%27%20viewBox%3D%270%200%201080%201080%27%3E%3Crect%20width%3D%271080%27%20height%3D%271080%27%20fill-opacity%3D%220%22%2F%3E%3C%2Fsvg%3E\" data-orig-src=\"https:\/\/idealearning.eu\/wp-content\/uploads\/2024\/10\/Fernando-Campilho-photo.png\" data-srcset=\"https:\/\/idealearning.eu\/wp-content\/uploads\/2024\/10\/Fernando-Campilho-photo-200x200.png 200w, https:\/\/idealearning.eu\/wp-content\/uploads\/2024\/10\/Fernando-Campilho-photo-400x400.png 400w, https:\/\/idealearning.eu\/wp-content\/uploads\/2024\/10\/Fernando-Campilho-photo-600x600.png 600w, https:\/\/idealearning.eu\/wp-content\/uploads\/2024\/10\/Fernando-Campilho-photo-800x800.png 800w, https:\/\/idealearning.eu\/wp-content\/uploads\/2024\/10\/Fernando-Campilho-photo.png 1080w\" data-sizes=\"auto\" \/><div class=\"fusion-rollover\">\n\t<div class=\"fusion-rollover-content\">\n\n\t\t\t\t\t\t\t\t\t\t\t\t\t\t<a class=\"fusion-rollover-link\" href=\"https:\/\/idealearning.eu\/pt-pt\/blog\/2024\/10\/31\/em-memoria-do-dr-fernando-campilho-presidente-do-conselho-executivo-da-fpda-2021-2024\/\">Em mem\u00f3ria do Dr. Fernando Campilho, Presidente do Conselho Executivo da FPDA (2021-2024)<\/a>\n\t\t\t\n\t\t\t\t\t\t\t\t\n\t\t\n\t\t\t\t\t\t\t\t\n\t\t\t\t\t\t\t\t\n\t\t\n\t\t\t\t\t\t<a class=\"fusion-link-wrapper\" href=\"https:\/\/idealearning.eu\/pt-pt\/blog\/2024\/10\/31\/em-memoria-do-dr-fernando-campilho-presidente-do-conselho-executivo-da-fpda-2021-2024\/\" aria-label=\"Em mem\u00f3ria do Dr. Fernando Campilho, Presidente do Conselho Executivo da FPDA (2021-2024)\"><\/a>\n\t<\/div>\n<\/div>\n<\/div>\n<\/li>\n\t\t\t\n\t\t\t\n\t\t\t\t\t\t\t\t\t\t\t\t\t\t\t\t\t\t\t\t\t\t\t\t\t\t\t\t\t\t\t\t\t\t\t\t\t\t\t\t\t\t\t\t\t\t\t\t\t\t\t\t\t\t\t\t\t\t\t\t\t\t\t\t\t\t\t\t<\/ul>\n\t<\/div>\n\t<div class=\"fusion-post-content-wrapper\" style=\"padding:30px 25px 20px 25px;\"><div class=\"fusion-post-content post-content\"><h2 class=\"blog-shortcode-post-title entry-title\">Em mem\u00f3ria do Dr. Fernando Campilho, Presidente do Conselho Executivo da FPDA (2021-2024)<\/h2><div class=\"fusion-post-content-container\"><p>Com um enorme sentimento de pesar pela perda de um homem bom, cumprimos o doloroso dever de comunicar o falecimento do Dr. Fernando Manuel de[...]<\/p><\/div><\/div><\/div><div class=\"fusion-clearfix\"><\/div><\/div>\n<\/article>\n<div class=\"fusion-clearfix\"><\/div><\/div><div class=\"fusion-infinite-scroll-trigger\"><\/div><div class=\"pagination infinite-scroll clearfix\" style=\"display:none;\"><span class=\"current\">1<\/span><a href=\"https:\/\/idealearning.eu\/pt-pt\/wp-json\/wp\/v2\/pages\/3529\/page\/2\/\" class=\"inactive\">2<\/a><a class=\"pagination-next\" rel=\"next\" href=\"https:\/\/idealearning.eu\/pt-pt\/wp-json\/wp\/v2\/pages\/3529\/page\/2\/\"><span class=\"page-text\">Next<\/span><span class=\"page-next\"><\/span><\/a><\/div><div class=\"fusion-clearfix\"><\/div><button class=\"fusion-load-more-button fusion-blog-button fusion-clearfix\">Load More Posts<\/button><\/div><\/div><\/div><\/div><\/div><\/p>\n","protected":false},"excerpt":{"rendered":"","protected":false},"author":2,"featured_media":0,"parent":0,"menu_order":0,"comment_status":"closed","ping_status":"closed","template":"100-width.php","meta":{"footnotes":""},"class_list":["post-3529","page","type-page","status-publish","hentry"],"_links":{"self":[{"href":"https:\/\/idealearning.eu\/pt-pt\/wp-json\/wp\/v2\/pages\/3529","targetHints":{"allow":["GET"]}}],"collection":[{"href":"https:\/\/idealearning.eu\/pt-pt\/wp-json\/wp\/v2\/pages"}],"about":[{"href":"https:\/\/idealearning.eu\/pt-pt\/wp-json\/wp\/v2\/types\/page"}],"author":[{"embeddable":true,"href":"https:\/\/idealearning.eu\/pt-pt\/wp-json\/wp\/v2\/users\/2"}],"replies":[{"embeddable":true,"href":"https:\/\/idealearning.eu\/pt-pt\/wp-json\/wp\/v2\/comments?post=3529"}],"version-history":[{"count":5,"href":"https:\/\/idealearning.eu\/pt-pt\/wp-json\/wp\/v2\/pages\/3529\/revisions"}],"predecessor-version":[{"id":3537,"href":"https:\/\/idealearning.eu\/pt-pt\/wp-json\/wp\/v2\/pages\/3529\/revisions\/3537"}],"wp:attachment":[{"href":"https:\/\/idealearning.eu\/pt-pt\/wp-json\/wp\/v2\/media?parent=3529"}],"curies":[{"name":"wp","href":"https:\/\/api.w.org\/{rel}","templated":true}]}}