{"id":3573,"date":"2015-02-17T18:08:38","date_gmt":"2015-02-17T18:08:38","guid":{"rendered":"https:\/\/idealearning.eu\/equipa\/"},"modified":"2024-05-31T12:05:55","modified_gmt":"2024-05-31T12:05:55","slug":"equipa","status":"publish","type":"page","link":"https:\/\/idealearning.eu\/pt-pt\/equipa\/","title":{"rendered":"Equipa"},"content":{"rendered":"<p><div class=\"fusion-bg-parallax\" data-bg-align=\"center center\" data-direction=\"right\" data-mute=\"false\" data-opacity=\"100\" data-velocity=\"-0.5\" data-mobile-enabled=\"false\" data-break_parents=\"0\" data-bg-image=\"http:\/\/idealearning.eu\/wp-content\/uploads\/2015\/02\/background2-scaled.jpg\" data-bg-repeat=\"false\" data-bg-color=\"var(--awb-color7)\" ><\/div><div class=\"fusion-fullwidth fullwidth-box fusion-builder-row-1 fusion-flex-container fusion-parallax-right nonhundred-percent-fullwidth non-hundred-percent-height-scrolling lazyload\" style=\"--awb-border-sizes-top:0px;--awb-border-sizes-bottom:0px;--awb-border-sizes-left:0px;--awb-border-sizes-right:0px;--awb-border-radius-top-left:0px;--awb-border-radius-top-right:0px;--awb-border-radius-bottom-right:0px;--awb-border-radius-bottom-left:0px;--awb-padding-top:74px;--awb-padding-bottom:72px;--awb-margin-top:0px;--awb-background-color:var(--awb-color7);--awb-background-size:cover;--awb-flex-wrap:wrap;\" data-bg=\"http:\/\/idealearning.eu\/wp-content\/uploads\/2015\/02\/background2-scaled.jpg\" ><div class=\"fusion-builder-row fusion-row fusion-flex-align-items-flex-start fusion-flex-content-wrap\" style=\"max-width:1216.8px;margin-left: calc(-4% \/ 2 );margin-right: calc(-4% \/ 2 );\"><div class=\"fusion-layout-column fusion_builder_column fusion-builder-column-0 fusion_builder_column_1_1 1_1 fusion-flex-column fusion-flex-align-self-flex-start fusion-column-no-min-height\" style=\"--awb-bg-size:cover;--awb-width-large:100%;--awb-margin-top-large:0px;--awb-spacing-right-large:1.92%;--awb-margin-bottom-large:40px;--awb-spacing-left-large:1.92%;--awb-width-medium:100%;--awb-spacing-right-medium:1.92%;--awb-spacing-left-medium:1.92%;--awb-width-small:100%;--awb-spacing-right-small:1.92%;--awb-spacing-left-small:1.92%;\"><div class=\"fusion-column-wrapper fusion-flex-justify-content-flex-start fusion-content-layout-column\"><div class=\"fusion-title title fusion-title-1 fusion-sep-none fusion-title-center fusion-title-text fusion-title-size-two\" style=\"--awb-text-color:var(--awb-color1);--awb-margin-bottom:20px;\"><h2 class=\"fusion-title-heading title-heading-center fusion-responsive-typography-calculated\" style=\"margin:0;--fontSize:48;line-height:var(--awb-typography1-line-height);\">Conhe\u00e7a a equipa<\/h2><\/div><div class=\"fusion-content-boxes content-boxes columns row fusion-columns-1 fusion-columns-total-7 fusion-content-boxes-1 content-boxes-timeline-vertical content-left content-boxes-timeline-layout content-boxes-icon-with-title fusion-delayed-animation\" style=\"--awb-backgroundcolor:var(--awb-color2);--awb-body-color:var(--awb-color6);--awb-title-color:var(--awb-color8);--awb-iconcolor:var(--awb-color1);--awb-hover-accent-color:var(--awb-color8);--awb-circle-hover-accent-color:var(--awb-color8);--awb-item-margin-bottom:40px;\" data-animation-delay=\"350\" data-animationOffset=\"top-into-view\"><div style=\"--awb-backgroundcolor:var(--awb-color2);--awb-iconcolor:var(--awb-color1);--awb-content-padding-left:70px;\" class=\"fusion-column content-box-column content-box-column content-box-column-1 col-lg-12 col-md-12 col-sm-12 fusion-content-box-hover content-box-column-last-in-row\"><div class=\"col content-box-wrapper content-wrapper-background link-area-box content-icon-wrapper-yes icon-hover-animation-slide fusion-animated\" data-animationType=\"fadeIn\" data-animationDuration=\"0.25\" data-animationOffset=\"top-into-view\"><div class=\"heading heading-with-icon icon-left\" style=\"margin-top:11px;\"><div class=\"icon\" style=\"margin-top:-11px;margin-bottom:-11px;-webkit-animation-duration: 350ms;animation-duration: 350ms;\"><span style=\"height:48px;width:48px;line-height:24px;border-color:var(--awb-color5);border-width:1px;border-style:solid;background-color:var(--awb-color5);margin-right:20px;box-sizing:content-box;border-radius:100%;\"><i style=\"border-color:var(--awb-color7);border-width:0px;background-color:var(--awb-color5);box-sizing:content-box;height:48px;width:48px;line-height:48px;border-radius:100%;position:relative;top:auto;left:auto;margin:0;border-radius:100%;font-size:24px;\" aria-hidden=\"true\" class=\"fontawesome-icon fa-angle-double-right fas circle-yes\"><\/i><\/span><\/div><h3 class=\"content-box-heading fusion-responsive-typography-calculated\" style=\"--h3_typography-font-size:28px;--fontSize:28;line-height:var(--awb-typography1-line-height);\">Universidade de Burgos<\/h3><\/div><div class=\"fusion-clearfix\"><\/div><div class=\"content-container\">\n<p>A Universidade de Burgos \u00e9 uma universidade p\u00fablica centrada na internacionaliza\u00e7\u00e3o. Uma das suas miss\u00f5es \u00e9 tornar-se um motor cient\u00edfico atrav\u00e9s da investiga\u00e7\u00e3o e transfer\u00eancia de conhecimento, contribuindo para o desenvolvimento social, econ\u00f3mico e cultural.<\/p>\n<\/div><div class=\"content-box-shortcode-timeline-vertical\" style=\"border-color:var(--awb-color5);left:75px;top:60px;-webkit-transition-duration: 350ms;animation-duration: 350ms;\"><\/div><\/div><\/div><div style=\"--awb-backgroundcolor:var(--awb-color2);--awb-iconcolor:var(--awb-color1);--awb-content-padding-left:70px;\" class=\"fusion-column content-box-column content-box-column content-box-column-2 col-lg-12 col-md-12 col-sm-12 fusion-content-box-hover content-box-column-last-in-row\"><div class=\"col content-box-wrapper content-wrapper-background link-area-box content-icon-wrapper-yes icon-hover-animation-slide fusion-animated\" data-animationType=\"fadeIn\" data-animationDuration=\"0.25\" data-animationOffset=\"top-into-view\"><div class=\"heading heading-with-icon icon-left\" style=\"margin-top:11px;\"><div class=\"icon\" style=\"margin-top:-11px;margin-bottom:-11px;-webkit-animation-duration: 350ms;animation-duration: 350ms;\"><span style=\"height:48px;width:48px;line-height:24px;border-color:var(--awb-color5);border-width:1px;border-style:solid;background-color:var(--awb-color5);margin-right:20px;box-sizing:content-box;border-radius:100%;\"><i style=\"border-color:var(--awb-color7);border-width:0px;background-color:var(--awb-color5);box-sizing:content-box;height:48px;width:48px;line-height:48px;border-radius:100%;position:relative;top:auto;left:auto;margin:0;border-radius:100%;font-size:24px;\" aria-hidden=\"true\" class=\"fontawesome-icon fa-angle-double-right fas circle-yes\"><\/i><\/span><\/div><h3 class=\"content-box-heading fusion-responsive-typography-calculated\" style=\"--h3_typography-font-size:28px;--fontSize:28;line-height:var(--awb-typography1-line-height);\">Autism-Europe<\/h3><\/div><div class=\"fusion-clearfix\"><\/div><div class=\"content-container\">\n<p>A Autism-Europe \u00e9 uma associa\u00e7\u00e3o internacional cujo principal objetivo \u00e9 promover os direitos das pessoas com autismo e ajud\u00e1-las a melhorar a sua qualidade de vida. A AE tamb\u00e9m luta por uma maior consciencializa\u00e7\u00e3o e compreens\u00e3o do autismo na sociedade.<\/p>\n<\/div><div class=\"content-box-shortcode-timeline-vertical\" style=\"border-color:var(--awb-color5);left:75px;top:60px;-webkit-transition-duration: 350ms;animation-duration: 350ms;\"><\/div><\/div><\/div><div style=\"--awb-backgroundcolor:var(--awb-color2);--awb-iconcolor:var(--awb-color1);--awb-content-padding-left:70px;\" class=\"fusion-column content-box-column content-box-column content-box-column-3 col-lg-12 col-md-12 col-sm-12 fusion-content-box-hover content-box-column-last-in-row\"><div class=\"col content-box-wrapper content-wrapper-background link-area-box content-icon-wrapper-yes icon-hover-animation-slide fusion-animated\" data-animationType=\"fadeIn\" data-animationDuration=\"0.25\" data-animationOffset=\"top-into-view\"><div class=\"heading heading-with-icon icon-left\" style=\"margin-top:11px;\"><div class=\"icon\" style=\"margin-top:-11px;margin-bottom:-11px;-webkit-animation-duration: 350ms;animation-duration: 350ms;\"><span style=\"height:48px;width:48px;line-height:24px;border-color:var(--awb-color5);border-width:1px;border-style:solid;background-color:var(--awb-color5);margin-right:20px;box-sizing:content-box;border-radius:100%;\"><i style=\"border-color:var(--awb-color7);border-width:0px;background-color:var(--awb-color5);box-sizing:content-box;height:48px;width:48px;line-height:48px;border-radius:100%;position:relative;top:auto;left:auto;margin:0;border-radius:100%;font-size:24px;\" aria-hidden=\"true\" class=\"fontawesome-icon fa-angle-double-right fas circle-yes\"><\/i><\/span><\/div><h3 class=\"content-box-heading fusion-responsive-typography-calculated\" style=\"--h3_typography-font-size:28px;--fontSize:28;line-height:var(--awb-typography1-line-height);\">Fundaci\u00f3n Miradas<\/h3><\/div><div class=\"fusion-clearfix\"><\/div><div class=\"content-container\">\n<p>A Fundaci\u00f3n Miradas \u00e9 uma organiza\u00e7\u00e3o de \u00e2mbito estatal criada em 2013 por Autismo Burgos (Espanha) que apoia a capacidade legal e a defesa dos direitos das pessoas com autismo e suas fam\u00edlias, bem como a melhoria da sua qualidade de vida.<\/p>\n<p>A Fundaci\u00f3n Miradas desenvolve diversas iniciativas que promovem a consciencializa\u00e7\u00e3o, o conhecimento, o estudo e a investiga\u00e7\u00e3o sobre pessoas com autismo e suas fam\u00edlias. Em 2015, em conjunto com a Universidade de Burgos, a Fundaci\u00f3n Miradas criou a C\u00e1tedra Miradas por el Autismo, o primeiro projeto centrado no coletivo de pessoas com autismo e as suas fam\u00edlias em Espanha.<\/p>\n<\/div><div class=\"content-box-shortcode-timeline-vertical\" style=\"border-color:var(--awb-color5);left:75px;top:60px;-webkit-transition-duration: 350ms;animation-duration: 350ms;\"><\/div><\/div><\/div><div style=\"--awb-backgroundcolor:var(--awb-color2);--awb-iconcolor:var(--awb-color1);--awb-content-padding-left:70px;\" class=\"fusion-column content-box-column content-box-column content-box-column-4 col-lg-12 col-md-12 col-sm-12 fusion-content-box-hover content-box-column-last-in-row\"><div class=\"col content-box-wrapper content-wrapper-background link-area-box content-icon-wrapper-yes icon-hover-animation-slide fusion-animated\" data-animationType=\"fadeIn\" data-animationDuration=\"0.25\" data-animationOffset=\"top-into-view\"><div class=\"heading heading-with-icon icon-left\" style=\"margin-top:11px;\"><div class=\"icon\" style=\"margin-top:-11px;margin-bottom:-11px;-webkit-animation-duration: 350ms;animation-duration: 350ms;\"><span style=\"height:48px;width:48px;line-height:24px;border-color:var(--awb-color5);border-width:1px;border-style:solid;background-color:var(--awb-color5);margin-right:20px;box-sizing:content-box;border-radius:100%;\"><i style=\"border-color:var(--awb-color7);border-width:0px;background-color:var(--awb-color5);box-sizing:content-box;height:48px;width:48px;line-height:48px;border-radius:100%;position:relative;top:auto;left:auto;margin:0;border-radius:100%;font-size:24px;\" aria-hidden=\"true\" class=\"fontawesome-icon fa-angle-double-right fas circle-yes\"><\/i><\/span><\/div><h3 class=\"content-box-heading fusion-responsive-typography-calculated\" style=\"--h3_typography-font-size:28px;--fontSize:28;line-height:var(--awb-typography1-line-height);\">FPDA \u2013 Federa\u00e7\u00e3o Portuguesa de Autismo<\/h3><\/div><div class=\"fusion-clearfix\"><\/div><div class=\"content-container\">\n<p>A FPDA \u00e9 uma ONGPD (Organiza\u00e7\u00e3o N\u00e3o-Governamental para pessoas com defici\u00eancia) sem fins lucrativos, registada sob a lei portuguesa n\u00ba48, que integra 13 ONGs (Associa\u00e7\u00f5es Portuguesas para pessoas com autismo) em todo o pa\u00eds, incluindo as ilhas portuguesas, A\u00e7ores e Madeira. A FPDA foi fundada em 2003.<\/p>\n<p>As associa\u00e7\u00f5es membros da FPDA s\u00e3o ONGs independentes sem fins lucrativos, que trabalham juntas em projetos, campanhas e outras atividades. Os seus objetivos, valores e princ\u00edpios comuns s\u00e3o: inclus\u00e3o, n\u00e3o discrimina\u00e7\u00e3o, solidariedade, representatividade, Associativismo e parceria. Apoiam cerca de 3.000 pessoas com autismo e as suas fam\u00edlias atrav\u00e9s de aconselhamento e servi\u00e7os.<\/p>\n<\/div><div class=\"content-box-shortcode-timeline-vertical\" style=\"border-color:var(--awb-color5);left:75px;top:60px;-webkit-transition-duration: 350ms;animation-duration: 350ms;\"><\/div><\/div><\/div><div style=\"--awb-backgroundcolor:var(--awb-color2);--awb-iconcolor:var(--awb-color1);--awb-content-padding-left:70px;\" class=\"fusion-column content-box-column content-box-column content-box-column-5 col-lg-12 col-md-12 col-sm-12 fusion-content-box-hover content-box-column-last-in-row\"><div class=\"col content-box-wrapper content-wrapper-background link-area-box content-icon-wrapper-yes icon-hover-animation-slide fusion-animated\" data-animationType=\"fadeIn\" data-animationDuration=\"0.25\" data-animationOffset=\"top-into-view\"><div class=\"heading heading-with-icon icon-left\" style=\"margin-top:11px;\"><div class=\"icon\" style=\"margin-top:-11px;margin-bottom:-11px;-webkit-animation-duration: 350ms;animation-duration: 350ms;\"><span style=\"height:48px;width:48px;line-height:24px;border-color:var(--awb-color5);border-width:1px;border-style:solid;background-color:var(--awb-color5);margin-right:20px;box-sizing:content-box;border-radius:100%;\"><i style=\"border-color:var(--awb-color7);border-width:0px;background-color:var(--awb-color5);box-sizing:content-box;height:48px;width:48px;line-height:48px;border-radius:100%;position:relative;top:auto;left:auto;margin:0;border-radius:100%;font-size:24px;\" aria-hidden=\"true\" class=\"fontawesome-icon fa-angle-double-right fas circle-yes\"><\/i><\/span><\/div><h3 class=\"content-box-heading fusion-responsive-typography-calculated\" style=\"--h3_typography-font-size:28px;--fontSize:28;line-height:var(--awb-typography1-line-height);\">Tady to m\u00e1m r\u00e1d<\/h3><\/div><div class=\"fusion-clearfix\"><\/div><div class=\"content-container\">\n<p>Tady to m\u00e1m r\u00e1d re\u00fane pais, irm\u00e3os e amigos de pessoas com autismo.<\/p>\n<p>O objetivo deste projeto \u00e9 fortalecer a coes\u00e3o social no territ\u00f3rio da \u00e1rea metropolitana de Brno e aumentar a disponibiliza\u00e7\u00e3o de servi\u00e7os sociais de qualidade e outros servi\u00e7os relacionados na regi\u00e3o da Mor\u00e1via do Sul para pessoas com autismo.<\/p>\n<p>Tady to m\u00e1m r\u00e1d pretende preparar o caminho para outros pais e organiza\u00e7\u00f5es para que outros servi\u00e7os residenciais similares possam ser criados, localmente, e sejam financeiramente acess\u00edveis e individualizados para as pessoas com autismo.<\/p>\n<\/div><div class=\"content-box-shortcode-timeline-vertical\" style=\"border-color:var(--awb-color5);left:75px;top:60px;-webkit-transition-duration: 350ms;animation-duration: 350ms;\"><\/div><\/div><\/div><div style=\"--awb-backgroundcolor:var(--awb-color2);--awb-iconcolor:var(--awb-color1);--awb-content-padding-left:70px;\" class=\"fusion-column content-box-column content-box-column content-box-column-6 col-lg-12 col-md-12 col-sm-12 fusion-content-box-hover content-box-column-last-in-row\"><div class=\"col content-box-wrapper content-wrapper-background link-area-box content-icon-wrapper-yes icon-hover-animation-slide fusion-animated\" data-animationType=\"fadeIn\" data-animationDuration=\"0.25\" data-animationOffset=\"top-into-view\"><div class=\"heading heading-with-icon icon-left\" style=\"margin-top:11px;\"><div class=\"icon\" style=\"margin-top:-11px;margin-bottom:-11px;-webkit-animation-duration: 350ms;animation-duration: 350ms;\"><span style=\"height:48px;width:48px;line-height:24px;border-color:var(--awb-color5);border-width:1px;border-style:solid;background-color:var(--awb-color5);margin-right:20px;box-sizing:content-box;border-radius:100%;\"><i style=\"border-color:var(--awb-color7);border-width:0px;background-color:var(--awb-color5);box-sizing:content-box;height:48px;width:48px;line-height:48px;border-radius:100%;position:relative;top:auto;left:auto;margin:0;border-radius:100%;font-size:24px;\" aria-hidden=\"true\" class=\"fontawesome-icon fa-angle-double-right fas circle-yes\"><\/i><\/span><\/div><h3 class=\"content-box-heading fusion-responsive-typography-calculated\" style=\"--h3_typography-font-size:28px;--fontSize:28;line-height:var(--awb-typography1-line-height);\">Fondacija hiljadu \u017eelja (Funda\u00e7\u00e3o Mil Desejos)<\/h3><\/div><div class=\"fusion-clearfix\"><\/div><div class=\"content-container\">\n<p>A Fondacija hiljadu \u017eelja (Funda\u00e7\u00e3o Mil Desejos) foi criada em 2018 por um grupo de familiares de pessoas com autismo. \u00c9 uma organiza\u00e7\u00e3o n\u00e3o governamental, sem fins lucrativos, criada para alcan\u00e7ar objetivos gerais de bem-estar, melhorar a prote\u00e7\u00e3o social e de sa\u00fade, melhorar a situa\u00e7\u00e3o das pessoas com defici\u00eancia, cuidar de crian\u00e7as, jovens e idosos.<\/p>\n<p>O objetivo da Funda\u00e7\u00e3o \u00e9 melhorar a vida das pessoas com defici\u00eancia intelectual, nomeadamente com autismo, e das suas fam\u00edlias, com o objetivo de proteger, promover e exercer as normas internacionalmente estabelecidas no dom\u00ednio dos direitos humanos e das liberdades civis.<\/p>\n<\/div><div class=\"content-box-shortcode-timeline-vertical\" style=\"border-color:var(--awb-color5);left:75px;top:60px;-webkit-transition-duration: 350ms;animation-duration: 350ms;\"><\/div><\/div><\/div><div style=\"--awb-backgroundcolor:var(--awb-color2);--awb-iconcolor:var(--awb-color1);--awb-content-padding-left:70px;\" class=\"fusion-column content-box-column content-box-column content-box-column-7 col-lg-12 col-md-12 col-sm-12 fusion-content-box-hover content-box-column-last content-box-column-last-in-row\"><div class=\"col content-box-wrapper content-wrapper-background link-area-box content-icon-wrapper-yes icon-hover-animation-slide fusion-animated\" data-animationType=\"fadeIn\" data-animationDuration=\"0.25\" data-animationOffset=\"top-into-view\"><div class=\"heading heading-with-icon icon-left\" style=\"margin-top:11px;\"><div class=\"icon\" style=\"margin-top:-11px;margin-bottom:-11px;-webkit-animation-duration: 350ms;animation-duration: 350ms;\"><span style=\"height:48px;width:48px;line-height:24px;border-color:var(--awb-color5);border-width:1px;border-style:solid;background-color:var(--awb-color5);margin-right:20px;box-sizing:content-box;border-radius:100%;\"><i style=\"border-color:var(--awb-color7);border-width:0px;background-color:var(--awb-color5);box-sizing:content-box;height:48px;width:48px;line-height:48px;border-radius:100%;position:relative;top:auto;left:auto;margin:0;border-radius:100%;font-size:24px;\" aria-hidden=\"true\" class=\"fontawesome-icon fa-angle-double-right fas circle-yes\"><\/i><\/span><\/div><h3 class=\"content-box-heading fusion-responsive-typography-calculated\" style=\"--h3_typography-font-size:28px;--fontSize:28;line-height:var(--awb-typography1-line-height);\">Catness Game Studios<\/h3><\/div><div class=\"fusion-clearfix\"><\/div><div class=\"content-container\">\n<p>Catness Game Studios \u00e9 uma empresa de desenvolvimento de jogos de ciclo completo que trabalha com os melhores jogos Unreal Engine desde 2014. Foi criada por uma equipa experiente e multidisciplinar de programadores, artistas e designers que partilham uma paix\u00e3o comum: os jogos de v\u00eddeo.<\/p>\n<p>A especialidade da Catness \u00e9 criar, transferir e publicar com o Unreal Engine procurando qualidade e inova\u00e7\u00e3o em cada trabalho. Desde a cria\u00e7\u00e3o de uma ideia at\u00e9 \u00e0 sua comercializa\u00e7\u00e3o, passando pelo desenvolvimento t\u00e9cnico e art\u00edstico, a Catness pode estar presente ao longo de todo o ciclo de vida de um jogo de v\u00eddeo.<\/p>\n<\/div><div class=\"content-box-shortcode-timeline-vertical\" style=\"border-color:var(--awb-color5);left:75px;top:60px;-webkit-transition-duration: 350ms;animation-duration: 350ms;\"><\/div><\/div><\/div><div class=\"fusion-clearfix\"><\/div><\/div><\/div><\/div><\/div><\/div><div class=\"fusion-fullwidth fullwidth-box fusion-builder-row-2 fusion-flex-container nonhundred-percent-fullwidth non-hundred-percent-height-scrolling\" style=\"--awb-border-sizes-top:0px;--awb-border-sizes-bottom:0px;--awb-border-sizes-left:0px;--awb-border-sizes-right:0px;--awb-border-radius-top-left:0px;--awb-border-radius-top-right:0px;--awb-border-radius-bottom-right:0px;--awb-border-radius-bottom-left:0px;--awb-padding-top:110px;--awb-padding-bottom:52px;--awb-background-color:var(--awb-color2);--awb-flex-wrap:wrap;\" ><div class=\"fusion-builder-row fusion-row fusion-flex-align-items-flex-start fusion-flex-content-wrap\" style=\"max-width:calc( 1170px + 0px );margin-left: calc(-0px \/ 2 );margin-right: calc(-0px \/ 2 );\"><div class=\"fusion-layout-column fusion_builder_column fusion-builder-column-1 fusion_builder_column_1_1 1_1 fusion-flex-column fusion-flex-align-self-flex-start fusion-column-no-min-height\" style=\"--awb-bg-size:cover;--awb-width-large:100%;--awb-margin-top-large:0px;--awb-spacing-right-large:0px;--awb-margin-bottom-large:40px;--awb-spacing-left-large:0px;--awb-width-medium:100%;--awb-spacing-right-medium:0px;--awb-spacing-left-medium:0px;--awb-width-small:100%;--awb-spacing-right-small:0px;--awb-spacing-left-small:0px;\"><div class=\"fusion-column-wrapper fusion-flex-justify-content-flex-start fusion-content-layout-column\"><div class=\"fusion-title title fusion-title-2 fusion-sep-none fusion-title-center fusion-title-text fusion-title-size-two\" style=\"--awb-text-color:var(--awb-color6);--awb-margin-bottom:20px;\"><h2 class=\"fusion-title-heading title-heading-center fusion-responsive-typography-calculated\" style=\"margin:0;--fontSize:48;line-height:var(--awb-typography1-line-height);\">Outros projetos<\/h2><\/div><div class=\"fusion-text fusion-text-1\"><p style=\"text-align: center; font-size: 22px; line-height: 30px; color: var(--awb-color6);\"><a href=\"https:\/\/idealearning.eu\/pt-pt\/projetos-da-ue-relacionados-com-autismo\/\">Saiba mais sobre projetos da UE relacionados com o autismo<\/a><\/p>\n<\/div><\/div><\/div><div class=\"fusion-layout-column fusion_builder_column fusion-builder-column-2 fusion_builder_column_1_1 1_1 fusion-flex-column fusion-flex-align-self-flex-start fusion-column-no-min-height\" style=\"--awb-bg-size:cover;--awb-width-large:100%;--awb-margin-top-large:0px;--awb-spacing-right-large:0px;--awb-margin-bottom-large:0px;--awb-spacing-left-large:0px;--awb-width-medium:100%;--awb-spacing-right-medium:0px;--awb-spacing-left-medium:0px;--awb-width-small:100%;--awb-spacing-right-small:0px;--awb-spacing-left-small:0px;\"><div class=\"fusion-column-wrapper fusion-flex-justify-content-flex-start fusion-content-layout-column\"><div class=\"fusion-image-carousel fusion-image-carousel-auto fusion-image-carousel-1\"><div class=\"awb-carousel awb-swiper awb-swiper-carousel\" data-autoplay=\"yes\" data-columns=\"5\" data-itemmargin=\"75\" data-itemwidth=\"180\" data-touchscroll=\"yes\" data-imagesize=\"auto\" data-scrollitems=\"1\" style=\"--awb-column-spacing:75px;\"><div class=\"swiper-wrapper awb-image-carousel-wrapper fusion-flex-align-items-center\"><div class=\"swiper-slide\"><div class=\"fusion-carousel-item-wrapper\"><div class=\"fusion-image-wrapper hover-type-none\"><img decoding=\"async\" width=\"779\" height=\"189\" src=\"data:image\/svg+xml,%3Csvg%20xmlns%3D%27http%3A%2F%2Fwww.w3.org%2F2000%2Fsvg%27%20width%3D%27779%27%20height%3D%27189%27%20viewBox%3D%270%200%20779%20189%27%3E%3Crect%20width%3D%27779%27%20height%3D%27189%27%20fill-opacity%3D%220%22%2F%3E%3C%2Fsvg%3E\" class=\"attachment-full size-full lazyload\" alt=\"\" data-orig-src=\"https:\/\/idealearning.eu\/wp-content\/uploads\/2022\/11\/ab90d90c-1260-4082-9455-066ace7a7bd7.png\" \/><\/div><\/div><\/div><div class=\"swiper-slide\"><div class=\"fusion-carousel-item-wrapper\"><div class=\"fusion-image-wrapper hover-type-none\"><img decoding=\"async\" width=\"1024\" height=\"285\" src=\"data:image\/svg+xml,%3Csvg%20xmlns%3D%27http%3A%2F%2Fwww.w3.org%2F2000%2Fsvg%27%20width%3D%271024%27%20height%3D%27285%27%20viewBox%3D%270%200%201024%20285%27%3E%3Crect%20width%3D%271024%27%20height%3D%27285%27%20fill-opacity%3D%220%22%2F%3E%3C%2Fsvg%3E\" class=\"attachment-full size-full lazyload\" alt=\"\" data-orig-src=\"https:\/\/idealearning.eu\/wp-content\/uploads\/2022\/10\/image-1.png\" \/><\/div><\/div><\/div><div class=\"swiper-slide\"><div class=\"fusion-carousel-item-wrapper\"><div class=\"fusion-image-wrapper hover-type-none\"><img decoding=\"async\" width=\"300\" height=\"242\" src=\"data:image\/svg+xml,%3Csvg%20xmlns%3D%27http%3A%2F%2Fwww.w3.org%2F2000%2Fsvg%27%20width%3D%27300%27%20height%3D%27242%27%20viewBox%3D%270%200%20300%20242%27%3E%3Crect%20width%3D%27300%27%20height%3D%27242%27%20fill-opacity%3D%220%22%2F%3E%3C%2Fsvg%3E\" class=\"attachment-full size-full lazyload\" alt=\"\" data-orig-src=\"https:\/\/idealearning.eu\/wp-content\/uploads\/2022\/10\/image-2.png\" \/><\/div><\/div><\/div><div class=\"swiper-slide\"><div class=\"fusion-carousel-item-wrapper\"><div class=\"fusion-image-wrapper hover-type-none\"><img decoding=\"async\" width=\"1024\" height=\"313\" src=\"data:image\/svg+xml,%3Csvg%20xmlns%3D%27http%3A%2F%2Fwww.w3.org%2F2000%2Fsvg%27%20width%3D%271024%27%20height%3D%27313%27%20viewBox%3D%270%200%201024%20313%27%3E%3Crect%20width%3D%271024%27%20height%3D%27313%27%20fill-opacity%3D%220%22%2F%3E%3C%2Fsvg%3E\" class=\"attachment-full size-full lazyload\" alt=\"\" data-orig-src=\"https:\/\/idealearning.eu\/wp-content\/uploads\/2022\/10\/image-3.png\" \/><\/div><\/div><\/div><div class=\"swiper-slide\"><div class=\"fusion-carousel-item-wrapper\"><div class=\"fusion-image-wrapper hover-type-none\"><img decoding=\"async\" width=\"720\" height=\"240\" src=\"data:image\/svg+xml,%3Csvg%20xmlns%3D%27http%3A%2F%2Fwww.w3.org%2F2000%2Fsvg%27%20width%3D%27720%27%20height%3D%27240%27%20viewBox%3D%270%200%20720%20240%27%3E%3Crect%20width%3D%27720%27%20height%3D%27240%27%20fill-opacity%3D%220%22%2F%3E%3C%2Fsvg%3E\" class=\"attachment-full size-full lazyload\" alt=\"\" data-orig-src=\"https:\/\/idealearning.eu\/wp-content\/uploads\/2022\/10\/image-4.png\" \/><\/div><\/div><\/div><\/div><\/div><\/div><\/div><\/div><\/div><\/div><div class=\"fusion-fullwidth fullwidth-box fusion-builder-row-3 fusion-flex-container fusion-parallax-none nonhundred-percent-fullwidth non-hundred-percent-height-scrolling lazyload\" style=\"--awb-border-sizes-top:0px;--awb-border-sizes-bottom:0px;--awb-border-sizes-left:0px;--awb-border-sizes-right:0px;--awb-border-radius-top-left:0px;--awb-border-radius-top-right:0px;--awb-border-radius-bottom-right:0px;--awb-border-radius-bottom-left:0px;--awb-padding-top:110px;--awb-padding-bottom:120px;--awb-padding-top-medium:110px;--awb-padding-bottom-medium:100px;--awb-padding-top-small:90px;--awb-padding-bottom-small:90px;--awb-background-size:cover;--awb-flex-wrap:wrap;\" data-bg=\"http:\/\/idealearning.eu\/wp-content\/uploads\/2015\/02\/call-to-action-banner1-scaled.jpg\" ><div class=\"fusion-builder-row fusion-row fusion-flex-align-items-flex-start fusion-flex-content-wrap\" style=\"max-width:1216.8px;margin-left: calc(-4% \/ 2 );margin-right: calc(-4% \/ 2 );\"><div class=\"fusion-layout-column fusion_builder_column fusion-builder-column-3 fusion_builder_column_2_5 2_5 fusion-flex-column fusion-flex-align-self-flex-start fusion-column-no-min-height\" style=\"--awb-bg-size:cover;--awb-width-large:40%;--awb-margin-top-large:0px;--awb-spacing-right-large:0%;--awb-margin-bottom-large:0px;--awb-spacing-left-large:4.8%;--awb-width-medium:60%;--awb-spacing-right-medium:0%;--awb-spacing-left-medium:3.2%;--awb-width-small:100%;--awb-spacing-right-small:0%;--awb-spacing-left-small:1.92%;\"><div class=\"fusion-column-wrapper fusion-flex-justify-content-flex-start fusion-content-layout-column\"><div class=\"fusion-title title fusion-title-3 fusion-sep-none fusion-title-text fusion-title-size-two\" style=\"--awb-text-color:var(--awb-color1);--awb-margin-bottom:10px;\"><h2 class=\"fusion-title-heading title-heading-left fusion-responsive-typography-calculated\" style=\"margin:0;--fontSize:48;line-height:var(--awb-typography1-line-height);\">Alguma d\u00favida?<\/h2><\/div><div class=\"fusion-text fusion-text-2\" style=\"--awb-font-size:22px;--awb-text-color:var(--awb-color1);\"><p>Se quiser saber mais sobre a equipa ou o projeto, n\u00e3o hesite em contactar-nos.<\/p>\n<\/div><div class=\"fusion-separator fusion-full-width-sep\" style=\"align-self: center;margin-left: auto;margin-right: auto;margin-top:10px;width:100%;\"><\/div><div style=\"text-align:left;\"><a class=\"fusion-button button-flat button-xlarge button-custom fusion-button-default button-1 fusion-button-default-span \" style=\"--button_accent_color:var(--awb-color1);--button_accent_hover_color:var(--awb-color1);--button_border_hover_color:var(--awb-color1);--button_border_width-top:0px;--button_border_width-right:0px;--button_border_width-bottom:0px;--button_border_width-left:0px;--button_gradient_top_color:var(--awb-color7);--button_gradient_bottom_color:var(--awb-color7);--button_gradient_top_color_hover:var(--awb-color7);--button_gradient_bottom_color_hover:var(--awb-color7);\" target=\"_self\" href=\"http:\/\/idealearning.eu\/contact\/\"><span class=\"fusion-button-text\">Contacte-nos<\/span><\/a><\/div><\/div><\/div><div class=\"fusion-layout-column fusion_builder_column fusion-builder-column-4 fusion_builder_column_3_5 3_5 fusion-flex-column fusion-no-small-visibility fusion-no-medium-visibility\" style=\"--awb-bg-size:cover;--awb-width-large:60%;--awb-margin-top-large:0px;--awb-spacing-right-large:3.2%;--awb-margin-bottom-large:20px;--awb-spacing-left-large:3.2%;--awb-width-medium:100%;--awb-order-medium:0;--awb-spacing-right-medium:1.92%;--awb-spacing-left-medium:1.92%;--awb-width-small:100%;--awb-order-small:0;--awb-spacing-right-small:1.92%;--awb-spacing-left-small:1.92%;\"><div class=\"fusion-column-wrapper fusion-column-has-shadow fusion-flex-justify-content-flex-start fusion-content-layout-column\"><\/div><\/div><\/div><\/div><\/p>\n","protected":false},"excerpt":{"rendered":"","protected":false},"author":2,"featured_media":0,"parent":0,"menu_order":0,"comment_status":"closed","ping_status":"open","template":"100-width.php","meta":{"footnotes":""},"class_list":["post-3573","page","type-page","status-publish","hentry"],"_links":{"self":[{"href":"https:\/\/idealearning.eu\/pt-pt\/wp-json\/wp\/v2\/pages\/3573","targetHints":{"allow":["GET"]}}],"collection":[{"href":"https:\/\/idealearning.eu\/pt-pt\/wp-json\/wp\/v2\/pages"}],"about":[{"href":"https:\/\/idealearning.eu\/pt-pt\/wp-json\/wp\/v2\/types\/page"}],"author":[{"embeddable":true,"href":"https:\/\/idealearning.eu\/pt-pt\/wp-json\/wp\/v2\/users\/2"}],"replies":[{"embeddable":true,"href":"https:\/\/idealearning.eu\/pt-pt\/wp-json\/wp\/v2\/comments?post=3573"}],"version-history":[{"count":2,"href":"https:\/\/idealearning.eu\/pt-pt\/wp-json\/wp\/v2\/pages\/3573\/revisions"}],"predecessor-version":[{"id":3582,"href":"https:\/\/idealearning.eu\/pt-pt\/wp-json\/wp\/v2\/pages\/3573\/revisions\/3582"}],"wp:attachment":[{"href":"https:\/\/idealearning.eu\/pt-pt\/wp-json\/wp\/v2\/media?parent=3573"}],"curies":[{"name":"wp","href":"https:\/\/api.w.org\/{rel}","templated":true}]}}